{"id":3179,"date":"2023-11-06T09:17:12","date_gmt":"2023-11-06T09:17:12","guid":{"rendered":"https:\/\/bridge504.qodeinteractive.com\/?page_id=3179"},"modified":"2025-12-08T18:55:10","modified_gmt":"2025-12-08T17:55:10","slug":"main-home","status":"publish","type":"page","link":"https:\/\/www.skiclub-teublitz.de\/","title":{"rendered":"Main Home"},"content":{"rendered":"\t\t<div data-elementor-type=\"wp-page\" data-elementor-id=\"3179\" class=\"elementor elementor-3179\">\n\t\t\t\t<div class=\"elementor-element elementor-element-eecfb65 e-con-full e-flex parallax_section_no qode_elementor_container_no e-con e-parent\" data-id=\"eecfb65\" data-element_type=\"container\">\n\t\t\t\t<div class=\"elementor-element elementor-element-fba2b4c elementor-widget elementor-widget-slider_revolution\" data-id=\"fba2b4c\" data-element_type=\"widget\" data-widget_type=\"slider_revolution.default\">\n\t\t\t\t<div class=\"elementor-widget-container\">\n\t\t\t\t\t\n\t\t<div class=\"wp-block-themepunch-revslider\">\n\t\t\t\t<p class=\"rs-p-wp-fix\"><\/p>\n\t\t\t\t<sr7-module data-alias=\"main-home\" data-id=\"1\" id=\"SR7_1_1\" class=\"rs-ov-hidden\" data-version=\"6.7.21\">\n\t\t\t\t\t<sr7-adjuster><\/sr7-adjuster>\n\t\t\t\t\t<sr7-content>\n\t\t\t\t\t\t<sr7-slide id=\"SR7_1_1-9\" data-key=\"9\">\n\t\t\t\t\t\t\t<sr7-txt id=\"SR7_1_1-9-3\" class=\"sr7-layer\">HERZLICH <br \/>\nWILLKOMMEN <br \/>\nAUF DER WEBSITE <br \/>\nDES<\/sr7-txt>\n\t\t\t\t\t\t<\/sr7-slide>\n\t\t\t\t\t\t<sr7-slide id=\"SR7_1_1-7\" data-key=\"7\">\n\t\t\t\t\t\t<\/sr7-slide>\n\t\t\t\t\t<\/sr7-content>\n\t\t\t\t\t<image_lists style=\"display:none\">\n\t\t\t\t\t\t<img data-src=\"\/\/www.skiclub-teublitz.de\/wp-content\/uploads\/2025\/02\/mayrhofen.jpg\" width=\"0\" height=\"0\" data-dbsrc=\"Ly93d3cuc2tpY2x1Yi10ZXVibGl0ei5kZS93cC1jb250ZW50L3VwbG9hZHMvMjAyNS8wMi9tYXlyaG9mZW4uanBn\"\/>\n\t\t\t\t\t\t<img data-src=\"\/\/www.skiclub-teublitz.de\/wp-content\/uploads\/2025\/02\/Skiclub_Teublitz_Logo_sw.png\" data-libid=\"5864\" data-lib=\"medialibrary\" alt=\"Logo bw\" title=\"Skiclub Teublitz Logo SW\" width=\"0\" height=\"0\" data-dbsrc=\"Ly93d3cuc2tpY2x1Yi10ZXVibGl0ei5kZS93cC1jb250ZW50L3VwbG9hZHMvMjAyNS8wMi9Ta2ljbHViX1RldWJsaXR6X0xvZ29fc3cucG5n\"\/>\n\t\t\t\t\t<\/image_lists>\n\t\t\t\t<\/sr7-module>\n\t\t\t\t<script>\n\t\t\t\t\tSR7.PMH ??={}; SR7.PMH[\"SR7_1_1\"] = {cn:0,state:false,fn: function() { if (_tpt!==undefined && _tpt.prepareModuleHeight !== undefined) {  _tpt.prepareModuleHeight({id:\"SR7_1_1\",el:[800,800,600,960,720],type:'hero',shdw:'0',gh:[800,800,600,960,720],gw:[1300,1300,1100,1025,480],vpt:['20%&#039;,&#039;20%&#039;,&#039;20%&#039;,&#039;20%&#039;,&#039;20%'],size:{fullWidth:true, fullHeight:true},fho:'.page_header,',mh:'0',onh:0,onw:0,bg:{color:'{\"type\":\"solid\",\"orig\":\"#000000\",\"string\":\"rgba(0, 0, 0, 1)\"}',image:{src:'https:\/\/www.skiclub-teublitz.de\/wp-content\/uploads\/2025\/02\/mayrhofen.jpg',size:'',position:'center center',repeat:''}},plType:'-1',plColor:'#FFFFFF'});   SR7.PMH[\"SR7_1_1\"].state=true;} else if((SR7.PMH[\"SR7_1_1\"].cn++)<100)\tsetTimeout( SR7.PMH[\"SR7_1_1\"].fn,19);}};SR7.PMH[\"SR7_1_1\" ].fn();\n\t\t\t\t<\/script>\n<\/div>\n\n\t\t\t\t\t\t<\/div>\n\t\t\t\t<\/div>\n\t\t\t\t<\/div>\n\t\t<div data-q_id=\"#programm\" class=\"elementor-element elementor-element-e973c1b e-con-full e-flex parallax_section_no qode_elementor_container_no e-con e-parent\" data-id=\"e973c1b\" data-element_type=\"container\">\n\t\t\t\t<div class=\"elementor-element elementor-element-a7e2932 elementor-widget__width-initial elementor-widget-tablet__width-initial elementor-widget elementor-widget-qi_addons_for_elementor_section_title\" data-id=\"a7e2932\" data-element_type=\"widget\" id=\"programm\" data-widget_type=\"qi_addons_for_elementor_section_title.default\">\n\t\t\t\t<div class=\"elementor-widget-container\">\n\t\t\t\t\t<div class=\"qodef-shortcode qodef-m qodef-qi-section-title qodef-decoration--italic qodef-link--underline-draw qodef-subtitle-icon--left\">\n\t\t\t\t<h5 class=\"qodef-m-subtitle\">\n\t\t2025 \/ 2026\t\t\t<\/h5>\n\t\t\t<h1 class=\"qodef-m-title\">\n\t\tUNSER PROGRAMM\t<\/h1>\n\t\t\t<div class=\"qodef-m-text\"><p>Freut euch auf eine unvergessliche Skisaison 2025\/2026! Neben unserem beliebten Highlight \u2013 den <strong>Ski- und Snowboardkursen<\/strong> am Gro\u00dfen Arber \u2013 erwarten euch wieder zwei abwechslungsreiche <strong>Tagesfahrten<\/strong> nach Lermoos und Kaltenbach ins Zillertal, eine stimmungsvolle <strong>Flutlichtfahrt<\/strong> am Arber gemeinsam mit den sechs Skiclubs des \u201eSt\u00e4dtevierecks\u201c sowie unser beliebtes <strong>Family &amp; Friends Wochenende in Saalbach<\/strong>. Ganz neu in diesem Winter: das <strong>Jugend-Ski &amp; Board-Wochenende in Saalbach<\/strong> \u2013 perfekt f\u00fcr alle jungen Wintersportfans, die Action und Gemeinschaft lieben!<\/p><\/div>\n\t<\/div>\n\t\t\t\t<\/div>\n\t\t\t\t<\/div>\n\t\t\t\t<\/div>\n\t\t<div class=\"elementor-element elementor-element-c762405 e-con-full e-flex parallax_section_no qode_elementor_container_no e-con e-parent\" data-id=\"c762405\" data-element_type=\"container\">\n\t\t<div class=\"elementor-element elementor-element-371509c e-con-full e-flex parallax_section_no qode_elementor_container_no e-con e-child\" data-id=\"371509c\" data-element_type=\"container\">\n\t\t\t\t<div class=\"elementor-element elementor-element-5b90144 elementor-widget elementor-widget-qi_addons_for_elementor_banner\" data-id=\"5b90144\" data-element_type=\"widget\" data-widget_type=\"qi_addons_for_elementor_banner.default\">\n\t\t\t\t<div class=\"elementor-widget-container\">\n\t\t\t\t\t<div class=\"qodef-shortcode qodef-m qodef-qi-banner qodef-layout--standard qodef-vertical--middle qodef-horizontal--center qodef-image--hover-zoom\">\n\t<div class=\"qodef-m-image\">\n\t<img fetchpriority=\"high\" decoding=\"async\" width=\"1300\" height=\"740\" src=\"https:\/\/www.skiclub-teublitz.de\/wp-content\/uploads\/2025\/10\/CKM.png\" class=\"attachment-full size-full\" alt=\"\" srcset=\"https:\/\/www.skiclub-teublitz.de\/wp-content\/uploads\/2025\/10\/CKM.png 1300w, https:\/\/www.skiclub-teublitz.de\/wp-content\/uploads\/2025\/10\/CKM-300x171.png 300w, https:\/\/www.skiclub-teublitz.de\/wp-content\/uploads\/2025\/10\/CKM-1024x583.png 1024w, https:\/\/www.skiclub-teublitz.de\/wp-content\/uploads\/2025\/10\/CKM-768x437.png 768w, https:\/\/www.skiclub-teublitz.de\/wp-content\/uploads\/2025\/10\/CKM-700x398.png 700w\" sizes=\"(max-width: 1300px) 100vw, 1300px\" \/><\/div>\n\t<div class=\"qodef-m-content\">\n\t\t<div class=\"qodef-m-content-inner\">\n\t\t\t\t<h5 class=\"qodef-m-subtitle\">\n\t\t05.12. - 07.12.2025\t<\/h5>\n\t\t\t\t<h2 class=\"qodef-m-title\">\n\t\tWeihnachtsmarkt in Teublitz\t<\/h2>\n\t\t\t\t<p class=\"qodef-m-text\">\n\t\tGl\u00fchwein, Punsch, Jagatee \u2013 und f\u00fcr die Hartgesottenen: ein Schnaps aus dem ber\u00fchmten Ski!\nVier Gl\u00e4ser, ein Ziel: gemeinsam austrinken, ohne zu kleckern.\nKomm vorbei auf dem Weihnachtsmarkt in Teublitz!\n\n\t<\/p>\n\t\t\t\t<div class=\"qodef-m-button\">\n\t\t<a class=\"qodef-shortcode qodef-m qodef-qi-button qodef-html--link qodef-layout--outlined qodef-type--standard qodef-icon--right qodef-hover--icon-move-horizontal-short\" href=\"https:\/\/www.teublitz.de\/weihnachtsmarkt\" target=\"_self\">\t<span class=\"qodef-m-text\">INFOS<\/span>\t<\/a>\t<\/div>\n\t\t<\/div>\n\t<\/div>\n\t\t<a itemprop=\"url\" href=\"https:\/\/www.teublitz.de\/weihnachtsmarkt\" class=\"qodef-m-banner-link\" target=\"_self\"><\/a>\n<\/div>\n\t\t\t\t<\/div>\n\t\t\t\t<\/div>\n\t\t\t\t<\/div>\n\t\t<div class=\"elementor-element elementor-element-d9822f6 e-con-full e-flex parallax_section_no qode_elementor_container_no e-con e-child\" data-id=\"d9822f6\" data-element_type=\"container\">\n\t\t\t\t<div class=\"elementor-element elementor-element-45e46c7 elementor-widget elementor-widget-qi_addons_for_elementor_banner\" data-id=\"45e46c7\" data-element_type=\"widget\" data-widget_type=\"qi_addons_for_elementor_banner.default\">\n\t\t\t\t<div class=\"elementor-widget-container\">\n\t\t\t\t\t<div class=\"qodef-shortcode qodef-m qodef-qi-banner qodef-layout--standard qodef-vertical--middle qodef-horizontal--center qodef-image--hover-zoom\">\n\t<div class=\"qodef-m-image\">\n\t<img loading=\"lazy\" decoding=\"async\" width=\"1300\" height=\"740\" src=\"https:\/\/www.skiclub-teublitz.de\/wp-content\/uploads\/2025\/02\/programm_skikurs.jpg\" class=\"attachment-full size-full\" alt=\"Skikurse\" srcset=\"https:\/\/www.skiclub-teublitz.de\/wp-content\/uploads\/2025\/02\/programm_skikurs.jpg 1300w, https:\/\/www.skiclub-teublitz.de\/wp-content\/uploads\/2025\/02\/programm_skikurs-300x171.jpg 300w, https:\/\/www.skiclub-teublitz.de\/wp-content\/uploads\/2025\/02\/programm_skikurs-1024x583.jpg 1024w, https:\/\/www.skiclub-teublitz.de\/wp-content\/uploads\/2025\/02\/programm_skikurs-768x437.jpg 768w, https:\/\/www.skiclub-teublitz.de\/wp-content\/uploads\/2025\/02\/programm_skikurs-700x398.jpg 700w\" sizes=\"(max-width: 1300px) 100vw, 1300px\" \/><\/div>\n\t<div class=\"qodef-m-content\">\n\t\t<div class=\"qodef-m-content-inner\">\n\t\t\t\t<h5 class=\"qodef-m-subtitle\">\n\t\t02.01 - 04.01.2026\t<\/h5>\n\t\t\t\t<h2 class=\"qodef-m-title\">\n\t\tSKI- &amp; SNOWBOARDKURSE\t<\/h2>\n\t\t\t\t<p class=\"qodef-m-text\">\n\t\tMelde dich bzw. deine Kinder an und profitiere von g\u00fcnstigen Konditionen bei top ausgebildeten \u00dcbungsleitern\n\n\t<\/p>\n\t\t\t\t<div class=\"qodef-m-button\">\n\t\t<a class=\"qodef-shortcode qodef-m qodef-qi-button qodef-html--link qodef-layout--outlined qodef-type--standard qodef-icon--right qodef-hover--icon-move-horizontal-short\" href=\"https:\/\/www.skiclub-teublitz.de\/?page_id=5890\" target=\"_self\">\t<span class=\"qodef-m-text\">INFOS &amp; Anmeldung<\/span>\t<\/a>\t<\/div>\n\t\t<\/div>\n\t<\/div>\n\t\t<a itemprop=\"url\" href=\"https:\/\/www.skiclub-teublitz.de\/?page_id=5890\" class=\"qodef-m-banner-link\" target=\"_self\"><\/a>\n<\/div>\n\t\t\t\t<\/div>\n\t\t\t\t<\/div>\n\t\t\t\t<\/div>\n\t\t\t\t<\/div>\n\t\t<div class=\"elementor-element elementor-element-678d2dd e-con-full e-flex parallax_section_no qode_elementor_container_no e-con e-parent\" data-id=\"678d2dd\" data-element_type=\"container\">\n\t\t<div class=\"elementor-element elementor-element-2f6146f e-con-full e-flex parallax_section_no qode_elementor_container_no e-con e-child\" data-id=\"2f6146f\" data-element_type=\"container\">\n\t\t\t\t<div class=\"elementor-element elementor-element-2ccb668 elementor-widget elementor-widget-qi_addons_for_elementor_banner\" data-id=\"2ccb668\" data-element_type=\"widget\" data-widget_type=\"qi_addons_for_elementor_banner.default\">\n\t\t\t\t<div class=\"elementor-widget-container\">\n\t\t\t\t\t<div class=\"qodef-shortcode qodef-m qodef-qi-banner qodef-layout--standard qodef-vertical--middle qodef-horizontal--center qodef-image--hover-zoom\">\n\t<div class=\"qodef-m-image\">\n\t<img loading=\"lazy\" decoding=\"async\" width=\"1300\" height=\"740\" src=\"https:\/\/www.skiclub-teublitz.de\/wp-content\/uploads\/2025\/02\/programm_soell.jpg\" class=\"attachment-full size-full\" alt=\"S\u00f6ll\" srcset=\"https:\/\/www.skiclub-teublitz.de\/wp-content\/uploads\/2025\/02\/programm_soell.jpg 1300w, https:\/\/www.skiclub-teublitz.de\/wp-content\/uploads\/2025\/02\/programm_soell-300x171.jpg 300w, https:\/\/www.skiclub-teublitz.de\/wp-content\/uploads\/2025\/02\/programm_soell-1024x583.jpg 1024w, https:\/\/www.skiclub-teublitz.de\/wp-content\/uploads\/2025\/02\/programm_soell-768x437.jpg 768w, https:\/\/www.skiclub-teublitz.de\/wp-content\/uploads\/2025\/02\/programm_soell-700x398.jpg 700w\" sizes=\"(max-width: 1300px) 100vw, 1300px\" \/><\/div>\n\t<div class=\"qodef-m-content\">\n\t\t<div class=\"qodef-m-content-inner\">\n\t\t\t\t<h5 class=\"qodef-m-subtitle\">\n\t\t17.01.2026\t<\/h5>\n\t\t\t\t<h2 class=\"qodef-m-title\">\n\t\tTAGESFAHRT NACH Lermoos\t<\/h2>\n\t\t\t\t<p class=\"qodef-m-text\">\n\t\tVerpasse nicht einen Tag in der Tiroler Zugspitzarena mit M\u00f6glichkeit zur Nachschulung der Ski- &amp; Snowboardkurs Teilnehmer sowie Rabatt f\u00fcr alle Kursteilnehmer\t<\/p>\n\t\t\t\t<div class=\"qodef-m-button\">\n\t\t<a class=\"qodef-shortcode qodef-m qodef-qi-button qodef-html--link qodef-layout--outlined qodef-type--standard qodef-icon--right qodef-hover--icon-move-horizontal-short\" href=\"https:\/\/www.skiclub-teublitz.de\/?page_id=3845\" target=\"_self\">\t<span class=\"qodef-m-text\">INFOS &amp; ANMELDUNG<\/span>\t<\/a>\t<\/div>\n\t\t<\/div>\n\t<\/div>\n\t\t<a itemprop=\"url\" href=\"https:\/\/www.skiclub-teublitz.de\/?page_id=3845\" class=\"qodef-m-banner-link\" target=\"_self\"><\/a>\n<\/div>\n\t\t\t\t<\/div>\n\t\t\t\t<\/div>\n\t\t\t\t<\/div>\n\t\t<div class=\"elementor-element elementor-element-94701d8 e-con-full e-flex parallax_section_no qode_elementor_container_no e-con e-child\" data-id=\"94701d8\" data-element_type=\"container\">\n\t\t\t\t<div class=\"elementor-element elementor-element-04b8b56 elementor-widget elementor-widget-qi_addons_for_elementor_banner\" data-id=\"04b8b56\" data-element_type=\"widget\" data-widget_type=\"qi_addons_for_elementor_banner.default\">\n\t\t\t\t<div class=\"elementor-widget-container\">\n\t\t\t\t\t<div class=\"qodef-shortcode qodef-m qodef-qi-banner qodef-layout--standard qodef-vertical--middle qodef-horizontal--center qodef-image--hover-zoom\">\n\t<div class=\"qodef-m-image\">\n\t<img loading=\"lazy\" decoding=\"async\" width=\"1300\" height=\"740\" src=\"https:\/\/www.skiclub-teublitz.de\/wp-content\/uploads\/2025\/02\/bambinikurs.jpg\" class=\"attachment-full size-full\" alt=\"Bambini\" srcset=\"https:\/\/www.skiclub-teublitz.de\/wp-content\/uploads\/2025\/02\/bambinikurs.jpg 1300w, https:\/\/www.skiclub-teublitz.de\/wp-content\/uploads\/2025\/02\/bambinikurs-300x171.jpg 300w, https:\/\/www.skiclub-teublitz.de\/wp-content\/uploads\/2025\/02\/bambinikurs-1024x583.jpg 1024w, https:\/\/www.skiclub-teublitz.de\/wp-content\/uploads\/2025\/02\/bambinikurs-768x437.jpg 768w, https:\/\/www.skiclub-teublitz.de\/wp-content\/uploads\/2025\/02\/bambinikurs-700x398.jpg 700w\" sizes=\"(max-width: 1300px) 100vw, 1300px\" \/><\/div>\n\t<div class=\"qodef-m-content\">\n\t\t<div class=\"qodef-m-content-inner\">\n\t\t\t\t<h5 class=\"qodef-m-subtitle\">\n\t\t31.01. - 01.02.2026\t<\/h5>\n\t\t\t\t<h2 class=\"qodef-m-title\">\n\t\tBambinikurs am Arber\t<\/h2>\n\t\t\t\t<p class=\"qodef-m-text\">\n\t\tSchnuppere erste Erfahrung auf den Ski in unserem Bambinikurs bei welchem der Spa\u00df an vorderster Stelle steht\t<\/p>\n\t\t\t\t<div class=\"qodef-m-button\">\n\t\t<a class=\"qodef-shortcode qodef-m qodef-qi-button qodef-html--link qodef-layout--outlined qodef-type--standard qodef-icon--right qodef-hover--icon-move-horizontal-short\" href=\"https:\/\/www.skiclub-teublitz.de\/?page_id=5912\" target=\"_self\">\t<span class=\"qodef-m-text\">INFOS &amp; ANMELDUNG<\/span>\t<\/a>\t<\/div>\n\t\t<\/div>\n\t<\/div>\n\t\t<a itemprop=\"url\" href=\"https:\/\/www.skiclub-teublitz.de\/?page_id=5912\" class=\"qodef-m-banner-link\" target=\"_self\"><\/a>\n<\/div>\n\t\t\t\t<\/div>\n\t\t\t\t<\/div>\n\t\t\t\t<\/div>\n\t\t\t\t<\/div>\n\t\t<div class=\"elementor-element elementor-element-27f5625 e-con-full e-flex parallax_section_no qode_elementor_container_no e-con e-parent\" data-id=\"27f5625\" data-element_type=\"container\">\n\t\t<div class=\"elementor-element elementor-element-ae2eca7 e-con-full e-flex parallax_section_no qode_elementor_container_no e-con e-child\" data-id=\"ae2eca7\" data-element_type=\"container\">\n\t\t\t\t<div class=\"elementor-element elementor-element-8217565 elementor-widget elementor-widget-qi_addons_for_elementor_banner\" data-id=\"8217565\" data-element_type=\"widget\" data-widget_type=\"qi_addons_for_elementor_banner.default\">\n\t\t\t\t<div class=\"elementor-widget-container\">\n\t\t\t\t\t<div class=\"qodef-shortcode qodef-m qodef-qi-banner qodef-layout--standard qodef-vertical--middle qodef-horizontal--center qodef-image--hover-zoom\">\n\t<div class=\"qodef-m-image\">\n\t<img loading=\"lazy\" decoding=\"async\" width=\"1300\" height=\"740\" src=\"https:\/\/www.skiclub-teublitz.de\/wp-content\/uploads\/2025\/02\/programm-saalbach.jpg\" class=\"attachment-full size-full\" alt=\"Saalbach\" srcset=\"https:\/\/www.skiclub-teublitz.de\/wp-content\/uploads\/2025\/02\/programm-saalbach.jpg 1300w, https:\/\/www.skiclub-teublitz.de\/wp-content\/uploads\/2025\/02\/programm-saalbach-300x171.jpg 300w, https:\/\/www.skiclub-teublitz.de\/wp-content\/uploads\/2025\/02\/programm-saalbach-1024x583.jpg 1024w, https:\/\/www.skiclub-teublitz.de\/wp-content\/uploads\/2025\/02\/programm-saalbach-768x437.jpg 768w, https:\/\/www.skiclub-teublitz.de\/wp-content\/uploads\/2025\/02\/programm-saalbach-700x398.jpg 700w\" sizes=\"(max-width: 1300px) 100vw, 1300px\" \/><\/div>\n\t<div class=\"qodef-m-content\">\n\t\t<div class=\"qodef-m-content-inner\">\n\t\t\t\t<h5 class=\"qodef-m-subtitle\">\n\t\t06.02. - 08.02.2026\t<\/h5>\n\t\t\t\t<h2 class=\"qodef-m-title\">\n\t\tFamily &amp; Friends-Wochenende Saalbach\t<\/h2>\n\t\t\t\t<p class=\"qodef-m-text\">\n\t\tGenie\u00dfe ein Wochenende mit der ganzen Familie, Freunden und dem Skiclub im beliebten Skigebiet Saalbach-Hinterglemm\t<\/p>\n\t\t\t\t<div class=\"qodef-m-button\">\n\t\t<a class=\"qodef-shortcode qodef-m qodef-qi-button qodef-html--link qodef-layout--outlined qodef-type--standard qodef-icon--right qodef-hover--icon-move-horizontal-short\" href=\"https:\/\/www.skiclub-teublitz.de\/?page_id=5907\" target=\"_self\">\t<span class=\"qodef-m-text\">INFOS &amp; ANMELDUNG<\/span>\t<\/a>\t<\/div>\n\t\t<\/div>\n\t<\/div>\n\t\t<a itemprop=\"url\" href=\"https:\/\/www.skiclub-teublitz.de\/?page_id=5907\" class=\"qodef-m-banner-link\" target=\"_self\"><\/a>\n<\/div>\n\t\t\t\t<\/div>\n\t\t\t\t<\/div>\n\t\t\t\t<\/div>\n\t\t<div class=\"elementor-element elementor-element-44bc8dd e-con-full e-flex parallax_section_no qode_elementor_container_no e-con e-child\" data-id=\"44bc8dd\" data-element_type=\"container\">\n\t\t\t\t<div class=\"elementor-element elementor-element-c2ab074 elementor-widget elementor-widget-qi_addons_for_elementor_banner\" data-id=\"c2ab074\" data-element_type=\"widget\" data-widget_type=\"qi_addons_for_elementor_banner.default\">\n\t\t\t\t<div class=\"elementor-widget-container\">\n\t\t\t\t\t<div class=\"qodef-shortcode qodef-m qodef-qi-banner qodef-layout--standard qodef-vertical--middle qodef-horizontal--center qodef-image--hover-zoom\">\n\t<div class=\"qodef-m-image\">\n\t<img loading=\"lazy\" decoding=\"async\" width=\"1300\" height=\"740\" src=\"https:\/\/www.skiclub-teublitz.de\/wp-content\/uploads\/2025\/02\/programm-flutlichtfahrt.jpg\" class=\"attachment-full size-full\" alt=\"\" srcset=\"https:\/\/www.skiclub-teublitz.de\/wp-content\/uploads\/2025\/02\/programm-flutlichtfahrt.jpg 1300w, https:\/\/www.skiclub-teublitz.de\/wp-content\/uploads\/2025\/02\/programm-flutlichtfahrt-300x171.jpg 300w, https:\/\/www.skiclub-teublitz.de\/wp-content\/uploads\/2025\/02\/programm-flutlichtfahrt-1024x583.jpg 1024w, https:\/\/www.skiclub-teublitz.de\/wp-content\/uploads\/2025\/02\/programm-flutlichtfahrt-768x437.jpg 768w, https:\/\/www.skiclub-teublitz.de\/wp-content\/uploads\/2025\/02\/programm-flutlichtfahrt-700x398.jpg 700w\" sizes=\"(max-width: 1300px) 100vw, 1300px\" \/><\/div>\n\t<div class=\"qodef-m-content\">\n\t\t<div class=\"qodef-m-content-inner\">\n\t\t\t\t<h5 class=\"qodef-m-subtitle\">\n\t\t13.02.2026\t<\/h5>\n\t\t\t\t<h2 class=\"qodef-m-title\">\n\t\tFlutlichtfahrt am ARber\t<\/h2>\n\t\t\t\t<p class=\"qodef-m-text\">\n\t\tGemeinsam mit den 6 Skiclubs der IG St\u00e4dte4eck (Teublitz, Leonberg, Maxh\u00fctte-Haidhof, Burglengenfeld, Kallm\u00fcnz) \t<\/p>\n\t\t\t\t<div class=\"qodef-m-button\">\n\t\t<a class=\"qodef-shortcode qodef-m qodef-qi-button qodef-html--link qodef-layout--outlined qodef-type--standard qodef-icon--right qodef-hover--icon-move-horizontal-short\" href=\"https:\/\/www.skiclub-teublitz.de\/?page_id=5690\" target=\"_self\">\t<span class=\"qodef-m-text\">INFOS &amp; ANMELDUNG<\/span>\t<\/a>\t<\/div>\n\t\t<\/div>\n\t<\/div>\n\t\t<a itemprop=\"url\" href=\"https:\/\/www.skiclub-teublitz.de\/?page_id=5690\" class=\"qodef-m-banner-link\" target=\"_self\"><\/a>\n<\/div>\n\t\t\t\t<\/div>\n\t\t\t\t<\/div>\n\t\t\t\t<\/div>\n\t\t\t\t<\/div>\n\t\t<div class=\"elementor-element elementor-element-3154bb9 e-con-full e-flex parallax_section_no qode_elementor_container_no e-con e-parent\" data-id=\"3154bb9\" data-element_type=\"container\">\n\t\t<div class=\"elementor-element elementor-element-8691b10 e-con-full e-flex parallax_section_no qode_elementor_container_no e-con e-child\" data-id=\"8691b10\" data-element_type=\"container\">\n\t\t\t\t<div class=\"elementor-element elementor-element-3b9dcba elementor-widget elementor-widget-qi_addons_for_elementor_banner\" data-id=\"3b9dcba\" data-element_type=\"widget\" data-widget_type=\"qi_addons_for_elementor_banner.default\">\n\t\t\t\t<div class=\"elementor-widget-container\">\n\t\t\t\t\t<div class=\"qodef-shortcode qodef-m qodef-qi-banner qodef-layout--standard qodef-vertical--middle qodef-horizontal--center qodef-image--hover-zoom\">\n\t<div class=\"qodef-m-image\">\n\t<img loading=\"lazy\" decoding=\"async\" width=\"1300\" height=\"740\" src=\"https:\/\/www.skiclub-teublitz.de\/wp-content\/uploads\/2025\/10\/Tagesfahrt_Soell.png\" class=\"attachment-full size-full\" alt=\"Tagesfahrt Soell\" srcset=\"https:\/\/www.skiclub-teublitz.de\/wp-content\/uploads\/2025\/10\/Tagesfahrt_Soell.png 1300w, https:\/\/www.skiclub-teublitz.de\/wp-content\/uploads\/2025\/10\/Tagesfahrt_Soell-300x171.png 300w, https:\/\/www.skiclub-teublitz.de\/wp-content\/uploads\/2025\/10\/Tagesfahrt_Soell-1024x583.png 1024w, https:\/\/www.skiclub-teublitz.de\/wp-content\/uploads\/2025\/10\/Tagesfahrt_Soell-768x437.png 768w, https:\/\/www.skiclub-teublitz.de\/wp-content\/uploads\/2025\/10\/Tagesfahrt_Soell-700x398.png 700w\" sizes=\"(max-width: 1300px) 100vw, 1300px\" \/><\/div>\n\t<div class=\"qodef-m-content\">\n\t\t<div class=\"qodef-m-content-inner\">\n\t\t\t\t<h5 class=\"qodef-m-subtitle\">\n\t\t28.02.2026\t<\/h5>\n\t\t\t\t<h2 class=\"qodef-m-title\">\n\t\tTAGESFAHRT S\u00d6LL\t<\/h2>\n\t\t\t\t<p class=\"qodef-m-text\">\n\t\tWir verbringen einen unvergesslichen Tag im Skigebiet S\u00f6ll am Wilden Kaiser \u2013 ideale Bedingungen f\u00fcr alle, die Sonne, Schnee und traumhafte Abfahrten genie\u00dfen wollen\t<\/p>\n\t\t\t\t<div class=\"qodef-m-button\">\n\t\t<a class=\"qodef-shortcode qodef-m qodef-qi-button qodef-html--link qodef-layout--outlined qodef-type--standard qodef-icon--right qodef-hover--icon-move-horizontal-short\" href=\"https:\/\/www.skiclub-teublitz.de\/?page_id=6220\" target=\"_self\">\t<span class=\"qodef-m-text\">INFOS &amp; ANMELDUNG<\/span>\t<\/a>\t<\/div>\n\t\t<\/div>\n\t<\/div>\n\t\t<a itemprop=\"url\" href=\"https:\/\/www.skiclub-teublitz.de\/?page_id=6220\" class=\"qodef-m-banner-link\" target=\"_self\"><\/a>\n<\/div>\n\t\t\t\t<\/div>\n\t\t\t\t<\/div>\n\t\t\t\t<\/div>\n\t\t<div class=\"elementor-element elementor-element-f62ab5d e-con-full e-flex parallax_section_no qode_elementor_container_no e-con e-child\" data-id=\"f62ab5d\" data-element_type=\"container\">\n\t\t\t\t<div class=\"elementor-element elementor-element-4550e96 elementor-widget elementor-widget-qi_addons_for_elementor_banner\" data-id=\"4550e96\" data-element_type=\"widget\" data-widget_type=\"qi_addons_for_elementor_banner.default\">\n\t\t\t\t<div class=\"elementor-widget-container\">\n\t\t\t\t\t<div class=\"qodef-shortcode qodef-m qodef-qi-banner qodef-layout--standard qodef-vertical--middle qodef-horizontal--center qodef-image--hover-zoom\">\n\t<div class=\"qodef-m-image\">\n\t<img loading=\"lazy\" decoding=\"async\" width=\"1300\" height=\"740\" src=\"https:\/\/www.skiclub-teublitz.de\/wp-content\/uploads\/2025\/12\/jugendskiwochenende.png\" class=\"attachment-full size-full\" alt=\"Jugendskiwochenende Saalbach\" srcset=\"https:\/\/www.skiclub-teublitz.de\/wp-content\/uploads\/2025\/12\/jugendskiwochenende.png 1300w, https:\/\/www.skiclub-teublitz.de\/wp-content\/uploads\/2025\/12\/jugendskiwochenende-300x171.png 300w, https:\/\/www.skiclub-teublitz.de\/wp-content\/uploads\/2025\/12\/jugendskiwochenende-1024x583.png 1024w, https:\/\/www.skiclub-teublitz.de\/wp-content\/uploads\/2025\/12\/jugendskiwochenende-768x437.png 768w, https:\/\/www.skiclub-teublitz.de\/wp-content\/uploads\/2025\/12\/jugendskiwochenende-700x398.png 700w\" sizes=\"(max-width: 1300px) 100vw, 1300px\" \/><\/div>\n\t<div class=\"qodef-m-content\">\n\t\t<div class=\"qodef-m-content-inner\">\n\t\t\t\t<h5 class=\"qodef-m-subtitle\">\n\t\t06.03. - 08.03.2026\t<\/h5>\n\t\t\t\t<h2 class=\"qodef-m-title\">\n\t\tJugendwochenende\t<\/h2>\n\t\t\t\t<p class=\"qodef-m-text\">\n\t\tBock auf ein Wochenende voller Action &amp; Schnee?\nDann fahr mit uns zum Jugendski&amp;board-Wochenende nach Saalbach \u2013 f\u00fcr alle ab 12 Jahren, die den Winter lieben!\t<\/p>\n\t\t\t\t<div class=\"qodef-m-button\">\n\t\t<a class=\"qodef-shortcode qodef-m qodef-qi-button qodef-html--link qodef-layout--outlined qodef-type--standard qodef-icon--right qodef-hover--icon-move-horizontal-short\" href=\"https:\/\/www.skiclub-teublitz.de\/?page_id=6322\" target=\"_self\">\t<span class=\"qodef-m-text\">INFOS &amp; Anmeldung<\/span>\t<\/a>\t<\/div>\n\t\t<\/div>\n\t<\/div>\n\t\t<a itemprop=\"url\" href=\"https:\/\/www.skiclub-teublitz.de\/?page_id=6322\" class=\"qodef-m-banner-link\" target=\"_self\"><\/a>\n<\/div>\n\t\t\t\t<\/div>\n\t\t\t\t<\/div>\n\t\t\t\t<\/div>\n\t\t\t\t<\/div>\n\t\t<div class=\"elementor-element elementor-element-53161e1 e-con-full e-flex parallax_section_no qode_elementor_container_no e-con e-parent\" data-id=\"53161e1\" data-element_type=\"container\">\n\t\t<div class=\"elementor-element elementor-element-91c9bcd e-con-full e-flex parallax_section_no qode_elementor_container_no e-con e-child\" data-id=\"91c9bcd\" data-element_type=\"container\">\n\t\t\t\t<div class=\"elementor-element elementor-element-e64a645 elementor-widget elementor-widget-qi_addons_for_elementor_banner\" data-id=\"e64a645\" data-element_type=\"widget\" data-widget_type=\"qi_addons_for_elementor_banner.default\">\n\t\t\t\t<div class=\"elementor-widget-container\">\n\t\t\t\t\t<div class=\"qodef-shortcode qodef-m qodef-qi-banner qodef-layout--standard qodef-vertical--middle qodef-horizontal--center qodef-image--hover-zoom\">\n\t<div class=\"qodef-m-image\">\n\t<img loading=\"lazy\" decoding=\"async\" width=\"1300\" height=\"740\" src=\"https:\/\/www.skiclub-teublitz.de\/wp-content\/uploads\/2025\/02\/programm-mayrhofen.jpg\" class=\"attachment-full size-full\" alt=\"Zillertal\" srcset=\"https:\/\/www.skiclub-teublitz.de\/wp-content\/uploads\/2025\/02\/programm-mayrhofen.jpg 1300w, https:\/\/www.skiclub-teublitz.de\/wp-content\/uploads\/2025\/02\/programm-mayrhofen-300x171.jpg 300w, https:\/\/www.skiclub-teublitz.de\/wp-content\/uploads\/2025\/02\/programm-mayrhofen-1024x583.jpg 1024w, https:\/\/www.skiclub-teublitz.de\/wp-content\/uploads\/2025\/02\/programm-mayrhofen-768x437.jpg 768w, https:\/\/www.skiclub-teublitz.de\/wp-content\/uploads\/2025\/02\/programm-mayrhofen-700x398.jpg 700w\" sizes=\"(max-width: 1300px) 100vw, 1300px\" \/><\/div>\n\t<div class=\"qodef-m-content\">\n\t\t<div class=\"qodef-m-content-inner\">\n\t\t\t\t<h5 class=\"qodef-m-subtitle\">\n\t\t21.03.2026\t<\/h5>\n\t\t\t\t<h2 class=\"qodef-m-title\">\n\t\tTagesfahrt nach Kaltenbach ins Zillertal\t<\/h2>\n\t\t\t\t<p class=\"qodef-m-text\">\n\t\tErlebt einen letzten Tag im Schnee bei unserer Saison-Abschlussfahrt \t<\/p>\n\t\t\t\t<div class=\"qodef-m-button\">\n\t\t<a class=\"qodef-shortcode qodef-m qodef-qi-button qodef-html--link qodef-layout--outlined qodef-type--standard qodef-icon--right qodef-hover--icon-move-horizontal-short\" href=\"https:\/\/www.skiclub-teublitz.de\/?page_id=5795\" target=\"_self\">\t<span class=\"qodef-m-text\">INFOS &amp; ANMELDUNG<\/span>\t<\/a>\t<\/div>\n\t\t<\/div>\n\t<\/div>\n\t\t<a itemprop=\"url\" href=\"https:\/\/www.skiclub-teublitz.de\/?page_id=5795\" class=\"qodef-m-banner-link\" target=\"_self\"><\/a>\n<\/div>\n\t\t\t\t<\/div>\n\t\t\t\t<\/div>\n\t\t\t\t<\/div>\n\t\t<div class=\"elementor-element elementor-element-3508d3a e-con-full e-flex parallax_section_no qode_elementor_container_no e-con e-child\" data-id=\"3508d3a\" data-element_type=\"container\">\n\t\t\t\t<div class=\"elementor-element elementor-element-0cd4a97 elementor-widget elementor-widget-qi_addons_for_elementor_banner\" data-id=\"0cd4a97\" data-element_type=\"widget\" data-widget_type=\"qi_addons_for_elementor_banner.default\">\n\t\t\t\t<div class=\"elementor-widget-container\">\n\t\t\t\t\t<div class=\"qodef-shortcode qodef-m qodef-qi-banner qodef-layout--standard qodef-vertical--middle qodef-horizontal--center qodef-image--hover-zoom\">\n\t<div class=\"qodef-m-image\">\n\t<img loading=\"lazy\" decoding=\"async\" width=\"1300\" height=\"740\" src=\"https:\/\/www.skiclub-teublitz.de\/wp-content\/uploads\/2025\/05\/Skiclub-Sommerfest.png\" class=\"attachment-full size-full\" alt=\"\" srcset=\"https:\/\/www.skiclub-teublitz.de\/wp-content\/uploads\/2025\/05\/Skiclub-Sommerfest.png 1300w, https:\/\/www.skiclub-teublitz.de\/wp-content\/uploads\/2025\/05\/Skiclub-Sommerfest-300x171.png 300w, https:\/\/www.skiclub-teublitz.de\/wp-content\/uploads\/2025\/05\/Skiclub-Sommerfest-1024x583.png 1024w, https:\/\/www.skiclub-teublitz.de\/wp-content\/uploads\/2025\/05\/Skiclub-Sommerfest-768x437.png 768w, https:\/\/www.skiclub-teublitz.de\/wp-content\/uploads\/2025\/05\/Skiclub-Sommerfest-700x398.png 700w\" sizes=\"(max-width: 1300px) 100vw, 1300px\" \/><\/div>\n\t<div class=\"qodef-m-content\">\n\t\t<div class=\"qodef-m-content-inner\">\n\t\t\t\t<h5 class=\"qodef-m-subtitle\">\n\t\t27.06.2026\t<\/h5>\n\t\t\t\t<h2 class=\"qodef-m-title\">\n\t\tSommerfest mit Kanutour\t<\/h2>\n\t\t\t\t<p class=\"qodef-m-text\">\n\t\tErlebt ein unvergessliches Sommerfest auf der Naab \u2013 mit Kanufahren, Sonne, gutem Essen vom Grill und bester Stimmung mit Familie und Freunden!\t<\/p>\n\t\t\t\t<div class=\"qodef-m-button\">\n\t\t<a class=\"qodef-shortcode qodef-m qodef-qi-button qodef-html--link qodef-layout--outlined qodef-type--standard qodef-icon--right qodef-hover--icon-move-horizontal-short\" href=\"\" target=\"_self\">\t<span class=\"qodef-m-text\">INFOS  FOLGEN<\/span>\t<\/a>\t<\/div>\n\t\t<\/div>\n\t<\/div>\n\t<\/div>\n\t\t\t\t<\/div>\n\t\t\t\t<\/div>\n\t\t\t\t<\/div>\n\t\t\t\t<\/div>\n\t\t<div class=\"elementor-element elementor-element-072af9b e-flex e-con-boxed parallax_section_no qode_elementor_container_no e-con e-parent\" data-id=\"072af9b\" data-element_type=\"container\" data-settings=\"{&quot;background_background&quot;:&quot;classic&quot;}\">\n\t\t\t\t\t<div class=\"e-con-inner\">\n\t\t\t\t<div class=\"elementor-element elementor-element-11c16fb elementor-widget__width-initial elementor-widget-tablet__width-initial elementor-widget elementor-widget-qi_addons_for_elementor_section_title\" data-id=\"11c16fb\" data-element_type=\"widget\" data-widget_type=\"qi_addons_for_elementor_section_title.default\">\n\t\t\t\t<div class=\"elementor-widget-container\">\n\t\t\t\t\t<div class=\"qodef-shortcode qodef-m qodef-qi-section-title qodef-decoration--italic qodef-link--underline-draw qodef-subtitle-icon--left\">\n\t\t\t\t<h5 class=\"qodef-m-subtitle\">\n\t\tExample Subtitle\t\t\t<\/h5>\n\t\t\t<h1 class=\"qodef-m-title\">\n\t\tWERDE MITGLIED\t<\/h1>\n\t\t\t<div class=\"qodef-m-text\"><p>Werde Mitglied im Skiclub Teublitz und profitiere von abwechslungsreichen Tagesfahrten, j\u00e4hrliche Skikurse zu g\u00fcnstigen Konditionen mit topausgebildeten \u00dcbungsleitern, sowie Sommer Events f\u00fcr die Familie<\/p><\/div>\n\t<\/div>\n\t\t\t\t<\/div>\n\t\t\t\t<\/div>\n\t\t\t\t<div class=\"elementor-element elementor-element-4a558bb elementor-widget elementor-widget-qi_addons_for_elementor_button\" data-id=\"4a558bb\" data-element_type=\"widget\" data-widget_type=\"qi_addons_for_elementor_button.default\">\n\t\t\t\t<div class=\"elementor-widget-container\">\n\t\t\t\t\t<a class=\"qodef-shortcode qodef-m qodef-qi-button qodef-html--link qodef-layout--filled qodef-type--standard qodef-size--large qodef-hover--reveal qodef--reveal-horizontal qodef-icon--right qodef-hover--icon-move-horizontal-short\" href=\"https:\/\/www.skiclub-teublitz.de\/?page_id=6016\" target=\"_blank\">\n\t<span class=\"qodef-m-text\">ANTRAG AUSF\u00dcLLEN<\/span>\n\t<\/a>\n\t\t\t\t<\/div>\n\t\t\t\t<\/div>\n\t\t\t\t\t<\/div>\n\t\t\t\t<\/div>\n\t\t<div data-q_id=\"#club\" class=\"elementor-element elementor-element-929fa9d e-con-full e-flex parallax_section_no qode_elementor_container_no e-con e-parent\" data-id=\"929fa9d\" data-element_type=\"container\" data-settings=\"{&quot;background_background&quot;:&quot;classic&quot;}\">\n\t\t\t\t<div class=\"elementor-element elementor-element-b44245b elementor-widget__width-initial elementor-widget-tablet__width-initial elementor-widget elementor-widget-qi_addons_for_elementor_section_title\" data-id=\"b44245b\" data-element_type=\"widget\" id=\"club\" data-widget_type=\"qi_addons_for_elementor_section_title.default\">\n\t\t\t\t<div class=\"elementor-widget-container\">\n\t\t\t\t\t<div class=\"qodef-shortcode qodef-m qodef-qi-section-title qodef-decoration--italic qodef-link--underline-draw qodef-subtitle-icon--left\">\n\t\t\t\t\t\t<h1 class=\"qodef-m-title\">\n\t\tder club\t<\/h1>\n\t\t\t<div class=\"qodef-m-text\"><p>Unser Skiclub stellt sich vor. Lerne die Gesichter des Skiclub Teublitz kennen, vom Vorstand &amp; Ausschuss bis hin zu unseren top ausgebildeten \u00dcbungsleitern <\/p><\/div>\n\t<\/div>\n\t\t\t\t<\/div>\n\t\t\t\t<\/div>\n\t\t\t\t<div class=\"elementor-element elementor-element-d99af1a elementor-widget elementor-widget-heading\" data-id=\"d99af1a\" data-element_type=\"widget\" data-widget_type=\"heading.default\">\n\t\t\t\t<div class=\"elementor-widget-container\">\n\t\t\t\t\t<h3 class=\"elementor-heading-title elementor-size-default\">Vorstand &amp; Ausschuss<\/h3>\t\t\t\t<\/div>\n\t\t\t\t<\/div>\n\t\t<div class=\"elementor-element elementor-element-d0ec00a qode_elementor_container_inner e-con-full e-flex parallax_section_no e-con e-child\" data-id=\"d0ec00a\" data-element_type=\"container\">\n\t\t<div class=\"elementor-element elementor-element-46457c9 e-con-full e-flex parallax_section_no qode_elementor_container_no e-con e-child\" data-id=\"46457c9\" data-element_type=\"container\">\n\t\t\t\t<div class=\"elementor-element elementor-element-38f32e2 elementor-widget elementor-widget-bridge_team\" data-id=\"38f32e2\" data-element_type=\"widget\" data-widget_type=\"bridge_team.default\">\n\t\t\t\t<div class=\"elementor-widget-container\">\n\t\t\t\t\t<div class=\"q_team\" ><div class=\"q_team_inner\"><div class=\"q_team_image\"><img decoding=\"async\" itemprop=\"image\" src=\"https:\/\/www.skiclub-teublitz.de\/wp-content\/uploads\/2025\/02\/michael-strasser.png\" alt=\"michael-strasser\" \/><\/div><div class='q_team_text' ><div class=\"q_team_text_inner\"><div class=\"q_team_title_holder\"><h4 class=\"q_team_name\" style=\"color: #000000\">Michael Stra\u00dfer<\/h4><span style=\"color: #1376B1\">1.Vorstand<\/span><\/div><\/div><div class='q_team_social_holder'><\/div><\/div><\/div><\/div>\t\t\t\t<\/div>\n\t\t\t\t<\/div>\n\t\t\t\t<\/div>\n\t\t<div class=\"elementor-element elementor-element-fbcd35e e-con-full e-flex parallax_section_no qode_elementor_container_no e-con e-child\" data-id=\"fbcd35e\" data-element_type=\"container\">\n\t\t\t\t<div class=\"elementor-element elementor-element-0ee836d elementor-widget elementor-widget-bridge_team\" data-id=\"0ee836d\" data-element_type=\"widget\" data-widget_type=\"bridge_team.default\">\n\t\t\t\t<div class=\"elementor-widget-container\">\n\t\t\t\t\t<div class=\"q_team\" ><div class=\"q_team_inner\"><div class=\"q_team_image\"><img decoding=\"async\" itemprop=\"image\" src=\"https:\/\/www.skiclub-teublitz.de\/wp-content\/uploads\/2025\/02\/vorstand_martin-neft.jpg\" alt=\"vorstand_martin-neft\" \/><\/div><div class='q_team_text' ><div class=\"q_team_text_inner\"><div class=\"q_team_title_holder\"><h4 class=\"q_team_name\" style=\"color: #000000\">Martin Neft<\/h4><span style=\"color: #1376B1\">2. Vorstand<\/span><\/div><\/div><div class='q_team_social_holder'><\/div><\/div><\/div><\/div>\t\t\t\t<\/div>\n\t\t\t\t<\/div>\n\t\t\t\t<\/div>\n\t\t<div class=\"elementor-element elementor-element-9007822 e-con-full e-flex parallax_section_no qode_elementor_container_no e-con e-child\" data-id=\"9007822\" data-element_type=\"container\">\n\t\t\t\t<div class=\"elementor-element elementor-element-b08428a elementor-widget elementor-widget-bridge_team\" data-id=\"b08428a\" data-element_type=\"widget\" data-widget_type=\"bridge_team.default\">\n\t\t\t\t<div class=\"elementor-widget-container\">\n\t\t\t\t\t<div class=\"q_team\" ><div class=\"q_team_inner\"><div class=\"q_team_image\"><img decoding=\"async\" itemprop=\"image\" src=\"https:\/\/www.skiclub-teublitz.de\/wp-content\/uploads\/2025\/02\/vorstand_alex-hiller.jpg\" alt=\"vorstand_alex-hiller\" \/><\/div><div class='q_team_text' ><div class=\"q_team_text_inner\"><div class=\"q_team_title_holder\"><h4 class=\"q_team_name\" style=\"color: #000000\">Alexander Hiller<\/h4><span style=\"color: #1376B1\">Kassier<\/span><\/div><\/div><div class='q_team_social_holder'><\/div><\/div><\/div><\/div>\t\t\t\t<\/div>\n\t\t\t\t<\/div>\n\t\t\t\t<\/div>\n\t\t\t\t<\/div>\n\t\t<div class=\"elementor-element elementor-element-8e1cd8e e-con-full e-flex parallax_section_no qode_elementor_container_no e-con e-child\" data-id=\"8e1cd8e\" data-element_type=\"container\">\n\t\t\t\t<div class=\"elementor-element elementor-element-e388789 elementor-widget elementor-widget-heading\" data-id=\"e388789\" data-element_type=\"widget\" data-widget_type=\"heading.default\">\n\t\t\t\t<div class=\"elementor-widget-container\">\n\t\t\t\t\t<h5 class=\"elementor-heading-title elementor-size-default\">Weitere Auschussmitglieder<\/h5>\t\t\t\t<\/div>\n\t\t\t\t<\/div>\n\t\t\t\t<div class=\"elementor-element elementor-element-653c06f elementor-widget elementor-widget-text-editor\" data-id=\"653c06f\" data-element_type=\"widget\" data-widget_type=\"text-editor.default\">\n\t\t\t\t<div class=\"elementor-widget-container\">\n\t\t\t\t\t\t\t\t\t<p>Christiane Eberwein (Jugendleiterin), Matthias Vollath (Sportwart), Florian Wittmann (Schriftf\u00fchrer), Beisitzer: Julia Eibner, Timo Hammerl, Norbert Wein<\/p>\t\t\t\t\t\t\t\t<\/div>\n\t\t\t\t<\/div>\n\t\t\t\t<\/div>\n\t\t\t\t<div class=\"elementor-element elementor-element-328d6e7 elementor-widget elementor-widget-heading\" data-id=\"328d6e7\" data-element_type=\"widget\" data-widget_type=\"heading.default\">\n\t\t\t\t<div class=\"elementor-widget-container\">\n\t\t\t\t\t<h3 class=\"elementor-heading-title elementor-size-default\">Die \u00dcbungsleiter<\/h3>\t\t\t\t<\/div>\n\t\t\t\t<\/div>\n\t\t<div class=\"elementor-element elementor-element-484026a qode_elementor_container_inner e-con-full e-flex parallax_section_no e-con e-child\" data-id=\"484026a\" data-element_type=\"container\">\n\t\t<div class=\"elementor-element elementor-element-1a72958 e-con-full e-flex parallax_section_no qode_elementor_container_no e-con e-child\" data-id=\"1a72958\" data-element_type=\"container\">\n\t\t\t\t<div class=\"elementor-element elementor-element-2a202df elementor-widget-tablet__width-auto elementor-widget elementor-widget-bridge_team\" data-id=\"2a202df\" data-element_type=\"widget\" data-widget_type=\"bridge_team.default\">\n\t\t\t\t<div class=\"elementor-widget-container\">\n\t\t\t\t\t<div class=\"q_team\" ><div class=\"q_team_inner\"><div class=\"q_team_image\"><img decoding=\"async\" itemprop=\"image\" src=\"https:\/\/www.skiclub-teublitz.de\/wp-content\/uploads\/2025\/02\/stefan-gerhardinger.jpg\" alt=\"stefan-gerhardinger\" \/><\/div><div class='q_team_text' ><div class=\"q_team_text_inner\"><div class=\"q_team_title_holder\"><h5 class=\"q_team_name\" style=\"color: #000000\">DR. Stefan Gerhardinger<\/h5><span style=\"color: #1376B1\">DSV Instructor<\/span><\/div><\/div><div class='q_team_social_holder'><\/div><\/div><\/div><\/div>\t\t\t\t<\/div>\n\t\t\t\t<\/div>\n\t\t\t\t<\/div>\n\t\t<div class=\"elementor-element elementor-element-70974bc e-con-full e-flex parallax_section_no qode_elementor_container_no e-con e-child\" data-id=\"70974bc\" data-element_type=\"container\">\n\t\t\t\t<div class=\"elementor-element elementor-element-afe787c elementor-widget elementor-widget-bridge_team\" data-id=\"afe787c\" data-element_type=\"widget\" data-widget_type=\"bridge_team.default\">\n\t\t\t\t<div class=\"elementor-widget-container\">\n\t\t\t\t\t<div class=\"q_team\" ><div class=\"q_team_inner\"><div class=\"q_team_image\"><img decoding=\"async\" itemprop=\"image\" src=\"https:\/\/www.skiclub-teublitz.de\/wp-content\/uploads\/2025\/03\/timo-hammerl.jpg\" alt=\"timo-hammerl\" \/><\/div><div class='q_team_text' ><div class=\"q_team_text_inner\"><div class=\"q_team_title_holder\"><h4 class=\"q_team_name\" style=\"color: #000000\">Timo Hammerl<\/h4><span style=\"color: #1376B1\">DSV Instructor<\/span><\/div><\/div><div class='q_team_social_holder'><\/div><\/div><\/div><\/div>\t\t\t\t<\/div>\n\t\t\t\t<\/div>\n\t\t\t\t<\/div>\n\t\t<div class=\"elementor-element elementor-element-cd31aee e-con-full e-flex parallax_section_no qode_elementor_container_no e-con e-child\" data-id=\"cd31aee\" data-element_type=\"container\">\n\t\t\t\t<div class=\"elementor-element elementor-element-8f11f68 elementor-widget elementor-widget-bridge_team\" data-id=\"8f11f68\" data-element_type=\"widget\" data-widget_type=\"bridge_team.default\">\n\t\t\t\t<div class=\"elementor-widget-container\">\n\t\t\t\t\t<div class=\"q_team\" ><div class=\"q_team_inner\"><div class=\"q_team_image\"><img decoding=\"async\" itemprop=\"image\" src=\"https:\/\/www.skiclub-teublitz.de\/wp-content\/uploads\/2025\/02\/christina-steinbauer.jpg\" alt=\"christina-steinbauer\" \/><\/div><div class='q_team_text' ><div class=\"q_team_text_inner\"><div class=\"q_team_title_holder\"><h4 class=\"q_team_name\" style=\"color: #000000\">Kristina Steinbauer<\/h4><span style=\"color: #1376B1\">DSV Instructor<\/span><\/div><\/div><div class='q_team_social_holder'><\/div><\/div><\/div><\/div>\t\t\t\t<\/div>\n\t\t\t\t<\/div>\n\t\t\t\t<\/div>\n\t\t\t\t<\/div>\n\t\t<div class=\"elementor-element elementor-element-abe98d8 qode_elementor_container_inner e-con-full e-flex parallax_section_no e-con e-child\" data-id=\"abe98d8\" data-element_type=\"container\">\n\t\t<div class=\"elementor-element elementor-element-31d04b7 e-con-full e-flex parallax_section_no qode_elementor_container_no e-con e-child\" data-id=\"31d04b7\" data-element_type=\"container\">\n\t\t\t\t<div class=\"elementor-element elementor-element-b9e3696 elementor-widget elementor-widget-bridge_team\" data-id=\"b9e3696\" data-element_type=\"widget\" data-widget_type=\"bridge_team.default\">\n\t\t\t\t<div class=\"elementor-widget-container\">\n\t\t\t\t\t<div class=\"q_team\" ><div class=\"q_team_inner\"><div class=\"q_team_image\"><img decoding=\"async\" itemprop=\"image\" src=\"https:\/\/www.skiclub-teublitz.de\/wp-content\/uploads\/2025\/02\/matthias-vollath.jpg\" alt=\"matthias-vollath\" \/><\/div><div class='q_team_text' ><div class=\"q_team_text_inner\"><div class=\"q_team_title_holder\"><h4 class=\"q_team_name\" style=\"color: #000000\">Matthias Vollath<\/h4><span style=\"color: #1376B1\">DSV Instructor<\/span><\/div><\/div><div class='q_team_social_holder'><\/div><\/div><\/div><\/div>\t\t\t\t<\/div>\n\t\t\t\t<\/div>\n\t\t\t\t<\/div>\n\t\t<div class=\"elementor-element elementor-element-3fb646c e-con-full e-flex parallax_section_no qode_elementor_container_no e-con e-child\" data-id=\"3fb646c\" data-element_type=\"container\">\n\t\t\t\t<div class=\"elementor-element elementor-element-5086598 elementor-widget elementor-widget-bridge_team\" data-id=\"5086598\" data-element_type=\"widget\" data-widget_type=\"bridge_team.default\">\n\t\t\t\t<div class=\"elementor-widget-container\">\n\t\t\t\t\t<div class=\"q_team\" ><div class=\"q_team_inner\"><div class=\"q_team_image\"><img decoding=\"async\" itemprop=\"image\" src=\"https:\/\/www.skiclub-teublitz.de\/wp-content\/uploads\/2025\/02\/uebungsleiter-avatar.png\" alt=\"uebungsleiter-avatar\" \/><\/div><div class='q_team_text' ><div class=\"q_team_text_inner\"><div class=\"q_team_title_holder\"><h4 class=\"q_team_name\" style=\"color: #000000\">Julia Eibner<\/h4><span style=\"color: #1376B1\">\u00dcbungsleiter<\/span><\/div><\/div><div class='q_team_social_holder'><\/div><\/div><\/div><\/div>\t\t\t\t<\/div>\n\t\t\t\t<\/div>\n\t\t\t\t<\/div>\n\t\t<div class=\"elementor-element elementor-element-8816790 e-con-full e-flex parallax_section_no qode_elementor_container_no e-con e-child\" data-id=\"8816790\" data-element_type=\"container\">\n\t\t\t\t<div class=\"elementor-element elementor-element-74a1c45 elementor-widget elementor-widget-bridge_team\" data-id=\"74a1c45\" data-element_type=\"widget\" data-widget_type=\"bridge_team.default\">\n\t\t\t\t<div class=\"elementor-widget-container\">\n\t\t\t\t\t<div class=\"q_team\" ><div class=\"q_team_inner\"><div class=\"q_team_image\"><img decoding=\"async\" itemprop=\"image\" src=\"https:\/\/www.skiclub-teublitz.de\/wp-content\/uploads\/2025\/02\/veronika-ermer.png\" alt=\"veronika-ermer\" \/><\/div><div class='q_team_text' ><div class=\"q_team_text_inner\"><div class=\"q_team_title_holder\"><h4 class=\"q_team_name\" style=\"color: #000000\">Veronika Ermer<\/h4><span style=\"color: #1376B1\">\u00dcbungsleiter<\/span><\/div><\/div><div class='q_team_social_holder'><\/div><\/div><\/div><\/div>\t\t\t\t<\/div>\n\t\t\t\t<\/div>\n\t\t\t\t<\/div>\n\t\t\t\t<\/div>\n\t\t<div class=\"elementor-element elementor-element-df8817e qode_elementor_container_inner e-con-full e-flex parallax_section_no e-con e-child\" data-id=\"df8817e\" data-element_type=\"container\">\n\t\t<div class=\"elementor-element elementor-element-942dd72 e-con-full e-flex parallax_section_no qode_elementor_container_no e-con e-child\" data-id=\"942dd72\" data-element_type=\"container\">\n\t\t\t\t<div class=\"elementor-element elementor-element-aa015a4 elementor-widget-mobile__width-initial elementor-widget elementor-widget-bridge_team\" data-id=\"aa015a4\" data-element_type=\"widget\" data-widget_type=\"bridge_team.default\">\n\t\t\t\t<div class=\"elementor-widget-container\">\n\t\t\t\t\t<div class=\"q_team\" ><div class=\"q_team_inner\"><div class=\"q_team_image\"><img decoding=\"async\" itemprop=\"image\" src=\"https:\/\/www.skiclub-teublitz.de\/wp-content\/uploads\/2025\/02\/vorstand_alex-hiller.jpg\" alt=\"vorstand_alex-hiller\" \/><\/div><div class='q_team_text' ><div class=\"q_team_text_inner\"><div class=\"q_team_title_holder\"><h4 class=\"q_team_name\" style=\"color: #000000\">Alex Hiller<\/h4><span style=\"color: #1376B1\">\u00dcbungsleiter<\/span><\/div><\/div><div class='q_team_social_holder'><\/div><\/div><\/div><\/div>\t\t\t\t<\/div>\n\t\t\t\t<\/div>\n\t\t\t\t<\/div>\n\t\t<div class=\"elementor-element elementor-element-b91f62e e-con-full e-flex parallax_section_no qode_elementor_container_no e-con e-child\" data-id=\"b91f62e\" data-element_type=\"container\">\n\t\t\t\t<div class=\"elementor-element elementor-element-ef28659 elementor-widget elementor-widget-bridge_team\" data-id=\"ef28659\" data-element_type=\"widget\" data-widget_type=\"bridge_team.default\">\n\t\t\t\t<div class=\"elementor-widget-container\">\n\t\t\t\t\t<div class=\"q_team\" ><div class=\"q_team_inner\"><div class=\"q_team_image\"><img decoding=\"async\" itemprop=\"image\" src=\"https:\/\/www.skiclub-teublitz.de\/wp-content\/uploads\/2025\/02\/uebungsleiter-avatar.png\" alt=\"uebungsleiter-avatar\" \/><\/div><div class='q_team_text' ><div class=\"q_team_text_inner\"><div class=\"q_team_title_holder\"><h4 class=\"q_team_name\" style=\"color: #000000\">Tobias Neft<\/h4><span style=\"color: #1376B1\">\u00dcbungsleiter<\/span><\/div><\/div><div class='q_team_social_holder'><\/div><\/div><\/div><\/div>\t\t\t\t<\/div>\n\t\t\t\t<\/div>\n\t\t\t\t<\/div>\n\t\t<div class=\"elementor-element elementor-element-dc316bb e-con-full e-flex parallax_section_no qode_elementor_container_no e-con e-child\" data-id=\"dc316bb\" data-element_type=\"container\">\n\t\t\t\t<div class=\"elementor-element elementor-element-3376c2a elementor-widget elementor-widget-bridge_team\" data-id=\"3376c2a\" data-element_type=\"widget\" data-widget_type=\"bridge_team.default\">\n\t\t\t\t<div class=\"elementor-widget-container\">\n\t\t\t\t\t<div class=\"q_team\" ><div class=\"q_team_inner\"><div class=\"q_team_image\"><img decoding=\"async\" itemprop=\"image\" src=\"https:\/\/www.skiclub-teublitz.de\/wp-content\/uploads\/2025\/02\/uebungsleiter-avatar.png\" alt=\"uebungsleiter-avatar\" \/><\/div><div class='q_team_text' ><div class=\"q_team_text_inner\"><div class=\"q_team_title_holder\"><h4 class=\"q_team_name\" style=\"color: #000000\">Christian R\u00f6hrl<\/h4><span style=\"color: #1376B1\">\u00dcbungsleiter<\/span><\/div><\/div><div class='q_team_social_holder'><\/div><\/div><\/div><\/div>\t\t\t\t<\/div>\n\t\t\t\t<\/div>\n\t\t\t\t<\/div>\n\t\t\t\t<\/div>\n\t\t<div class=\"elementor-element elementor-element-9840e8e qode_elementor_container_inner e-con-full e-flex parallax_section_no e-con e-child\" data-id=\"9840e8e\" data-element_type=\"container\">\n\t\t<div class=\"elementor-element elementor-element-0b3a415 e-con-full e-flex parallax_section_no qode_elementor_container_no e-con e-child\" data-id=\"0b3a415\" data-element_type=\"container\">\n\t\t\t\t<div class=\"elementor-element elementor-element-e6a9f98 elementor-widget elementor-widget-bridge_team\" data-id=\"e6a9f98\" data-element_type=\"widget\" data-widget_type=\"bridge_team.default\">\n\t\t\t\t<div class=\"elementor-widget-container\">\n\t\t\t\t\t<div class=\"q_team\" ><div class=\"q_team_inner\"><div class=\"q_team_image\"><img decoding=\"async\" itemprop=\"image\" src=\"https:\/\/www.skiclub-teublitz.de\/wp-content\/uploads\/2025\/02\/uebungsleiter-avatar.png\" alt=\"uebungsleiter-avatar\" \/><\/div><div class='q_team_text' ><div class=\"q_team_text_inner\"><div class=\"q_team_title_holder\"><h4 class=\"q_team_name\" style=\"color: #000000\">Juliette R\u00f6hrl<\/h4><span style=\"color: #1376B1\">\u00dcbungsleiter<\/span><\/div><\/div><div class='q_team_social_holder'><\/div><\/div><\/div><\/div>\t\t\t\t<\/div>\n\t\t\t\t<\/div>\n\t\t\t\t<\/div>\n\t\t<div class=\"elementor-element elementor-element-903faab e-con-full e-flex parallax_section_no qode_elementor_container_no e-con e-child\" data-id=\"903faab\" data-element_type=\"container\">\n\t\t\t\t<div class=\"elementor-element elementor-element-e0d288b elementor-widget elementor-widget-bridge_team\" data-id=\"e0d288b\" data-element_type=\"widget\" data-widget_type=\"bridge_team.default\">\n\t\t\t\t<div class=\"elementor-widget-container\">\n\t\t\t\t\t<div class=\"q_team\" ><div class=\"q_team_inner\"><div class=\"q_team_image\"><img decoding=\"async\" itemprop=\"image\" src=\"https:\/\/www.skiclub-teublitz.de\/wp-content\/uploads\/2025\/02\/ines-strasser.png\" alt=\"ines-strasser\" \/><\/div><div class='q_team_text' ><div class=\"q_team_text_inner\"><div class=\"q_team_title_holder\"><h4 class=\"q_team_name\" style=\"color: #000000\">Ines Stra\u00dfer<\/h4><span style=\"color: #1376B1\">\u00dcbungsleiter<\/span><\/div><\/div><div class='q_team_social_holder'><\/div><\/div><\/div><\/div>\t\t\t\t<\/div>\n\t\t\t\t<\/div>\n\t\t\t\t<\/div>\n\t\t<div class=\"elementor-element elementor-element-b61a289 e-con-full e-flex parallax_section_no qode_elementor_container_no e-con e-child\" data-id=\"b61a289\" data-element_type=\"container\">\n\t\t\t\t<div class=\"elementor-element elementor-element-769fc21 elementor-widget elementor-widget-bridge_team\" data-id=\"769fc21\" data-element_type=\"widget\" data-widget_type=\"bridge_team.default\">\n\t\t\t\t<div class=\"elementor-widget-container\">\n\t\t\t\t\t<div class=\"q_team\" ><div class=\"q_team_inner\"><div class=\"q_team_image\"><img decoding=\"async\" itemprop=\"image\" src=\"https:\/\/www.skiclub-teublitz.de\/wp-content\/uploads\/2025\/02\/michael-strasser.png\" alt=\"michael-strasser\" \/><\/div><div class='q_team_text' ><div class=\"q_team_text_inner\"><div class=\"q_team_title_holder\"><h4 class=\"q_team_name\" style=\"color: #000000\">MIchael Strasser<\/h4><span style=\"color: #1376B1\">\u00dcbungsleiter<\/span><\/div><\/div><div class='q_team_social_holder'><\/div><\/div><\/div><\/div>\t\t\t\t<\/div>\n\t\t\t\t<\/div>\n\t\t\t\t<\/div>\n\t\t\t\t<\/div>\n\t\t<div class=\"elementor-element elementor-element-65cc10a qode_elementor_container_inner e-con-full e-flex parallax_section_no e-con e-child\" data-id=\"65cc10a\" data-element_type=\"container\">\n\t\t<div class=\"elementor-element elementor-element-9839224 e-con-full e-flex parallax_section_no qode_elementor_container_no e-con e-child\" data-id=\"9839224\" data-element_type=\"container\">\n\t\t\t\t<div class=\"elementor-element elementor-element-c1601a8 elementor-widget elementor-widget-bridge_team\" data-id=\"c1601a8\" data-element_type=\"widget\" data-widget_type=\"bridge_team.default\">\n\t\t\t\t<div class=\"elementor-widget-container\">\n\t\t\t\t\t<div class=\"q_team\" ><div class=\"q_team_inner\"><div class=\"q_team_image\"><img decoding=\"async\" itemprop=\"image\" src=\"https:\/\/www.skiclub-teublitz.de\/wp-content\/uploads\/2025\/02\/norbert-wein.jpg\" alt=\"norbert-wein\" \/><\/div><div class='q_team_text' ><div class=\"q_team_text_inner\"><div class=\"q_team_title_holder\"><h4 class=\"q_team_name\" style=\"color: #000000\">Norbert Wein<\/h4><span style=\"color: #1376B1\">\u00dcbungsleiter<\/span><\/div><\/div><div class='q_team_social_holder'><\/div><\/div><\/div><\/div>\t\t\t\t<\/div>\n\t\t\t\t<\/div>\n\t\t\t\t<\/div>\n\t\t<div class=\"elementor-element elementor-element-054d60d e-con-full e-flex parallax_section_no qode_elementor_container_no e-con e-child\" data-id=\"054d60d\" data-element_type=\"container\">\n\t\t\t\t<div class=\"elementor-element elementor-element-8e7282a elementor-widget elementor-widget-bridge_team\" data-id=\"8e7282a\" data-element_type=\"widget\" data-widget_type=\"bridge_team.default\">\n\t\t\t\t<div class=\"elementor-widget-container\">\n\t\t\t\t\t<div class=\"q_team\" ><div class=\"q_team_inner\"><div class=\"q_team_image\"><img decoding=\"async\" itemprop=\"image\" src=\"https:\/\/www.skiclub-teublitz.de\/wp-content\/uploads\/2025\/02\/uebungsleiter_flo-wittmann.jpg\" alt=\"uebungsleiter_flo-wittmann\" \/><\/div><div class='q_team_text' ><div class=\"q_team_text_inner\"><div class=\"q_team_title_holder\"><h4 class=\"q_team_name\" style=\"color: #000000\">Flo Wittmann<\/h4><span style=\"color: #1376B1\">\u00dcbungsleiter<\/span><\/div><\/div><div class='q_team_social_holder'><\/div><\/div><\/div><\/div>\t\t\t\t<\/div>\n\t\t\t\t<\/div>\n\t\t\t\t<\/div>\n\t\t<div class=\"elementor-element elementor-element-df49848 e-con-full e-flex parallax_section_no qode_elementor_container_no e-con e-child\" data-id=\"df49848\" data-element_type=\"container\">\n\t\t\t\t<div class=\"elementor-element elementor-element-c8c6770 elementor-widget elementor-widget-bridge_team\" data-id=\"c8c6770\" data-element_type=\"widget\" data-widget_type=\"bridge_team.default\">\n\t\t\t\t<div class=\"elementor-widget-container\">\n\t\t\t\t\t<div class=\"q_team\" ><div class=\"q_team_inner\"><div class=\"q_team_image\"><img decoding=\"async\" itemprop=\"image\" src=\"https:\/\/www.skiclub-teublitz.de\/wp-content\/uploads\/2025\/02\/matthias-engl.png\" alt=\"matthias-engl\" \/><\/div><div class='q_team_text' ><div class=\"q_team_text_inner\"><div class=\"q_team_title_holder\"><h4 class=\"q_team_name\" style=\"color: #000000\">Matthias Engel<\/h4><span style=\"color: #1376B1\">Snowcrew<\/span><\/div><\/div><div class='q_team_social_holder'><\/div><\/div><\/div><\/div>\t\t\t\t<\/div>\n\t\t\t\t<\/div>\n\t\t\t\t<\/div>\n\t\t\t\t<\/div>\n\t\t<div class=\"elementor-element elementor-element-8571408 qode_elementor_container_inner e-con-full e-flex parallax_section_no e-con e-child\" data-id=\"8571408\" data-element_type=\"container\">\n\t\t<div class=\"elementor-element elementor-element-e04fc88 e-con-full e-flex parallax_section_no qode_elementor_container_no e-con e-child\" data-id=\"e04fc88\" data-element_type=\"container\">\n\t\t\t\t<div class=\"elementor-element elementor-element-fcbaa61 elementor-widget elementor-widget-bridge_team\" data-id=\"fcbaa61\" data-element_type=\"widget\" data-widget_type=\"bridge_team.default\">\n\t\t\t\t<div class=\"elementor-widget-container\">\n\t\t\t\t\t<div class=\"q_team\" ><div class=\"q_team_inner\"><div class=\"q_team_image\"><img decoding=\"async\" itemprop=\"image\" src=\"https:\/\/www.skiclub-teublitz.de\/wp-content\/uploads\/2025\/02\/hans-liebl.jpg\" alt=\"hans-liebl\" \/><\/div><div class='q_team_text' ><div class=\"q_team_text_inner\"><div class=\"q_team_title_holder\"><h4 class=\"q_team_name\" style=\"color: #000000\">Hans Liebl<\/h4><span style=\"color: #1376B1\">Snowcrew<\/span><\/div><\/div><div class='q_team_social_holder'><\/div><\/div><\/div><\/div>\t\t\t\t<\/div>\n\t\t\t\t<\/div>\n\t\t\t\t<\/div>\n\t\t<div class=\"elementor-element elementor-element-1451ae2 e-con-full e-flex parallax_section_no qode_elementor_container_no e-con e-child\" data-id=\"1451ae2\" data-element_type=\"container\">\n\t\t\t\t<div class=\"elementor-element elementor-element-cbe2779 elementor-widget elementor-widget-bridge_team\" data-id=\"cbe2779\" data-element_type=\"widget\" data-widget_type=\"bridge_team.default\">\n\t\t\t\t<div class=\"elementor-widget-container\">\n\t\t\t\t\t<div class=\"q_team\" ><div class=\"q_team_inner\"><div class=\"q_team_image\"><img decoding=\"async\" itemprop=\"image\" src=\"https:\/\/www.skiclub-teublitz.de\/wp-content\/uploads\/2025\/02\/vorstand_martin-neft.jpg\" alt=\"vorstand_martin-neft\" \/><\/div><div class='q_team_text' ><div class=\"q_team_text_inner\"><div class=\"q_team_title_holder\"><h4 class=\"q_team_name\" style=\"color: #000000\">Martin Neft<\/h4><span style=\"color: #1376B1\">Snowcrew<\/span><\/div><\/div><div class='q_team_social_holder'><\/div><\/div><\/div><\/div>\t\t\t\t<\/div>\n\t\t\t\t<\/div>\n\t\t\t\t<\/div>\n\t\t<div class=\"elementor-element elementor-element-e9d9956 e-con-full e-flex parallax_section_no qode_elementor_container_no e-con e-child\" data-id=\"e9d9956\" data-element_type=\"container\">\n\t\t\t\t<div class=\"elementor-element elementor-element-3a5493e elementor-widget elementor-widget-bridge_team\" data-id=\"3a5493e\" data-element_type=\"widget\" data-widget_type=\"bridge_team.default\">\n\t\t\t\t<div class=\"elementor-widget-container\">\n\t\t\t\t\t<div class=\"q_team\" ><div class=\"q_team_inner\"><div class=\"q_team_image\"><img decoding=\"async\" itemprop=\"image\" src=\"https:\/\/www.skiclub-teublitz.de\/wp-content\/uploads\/2025\/02\/lilli-wein.png\" alt=\"lilli-wein\" \/><\/div><div class='q_team_text' ><div class=\"q_team_text_inner\"><div class=\"q_team_title_holder\"><h4 class=\"q_team_name\" style=\"color: #000000\">Lilli Wein<\/h4><span style=\"color: #1376B1\">Snowcrew<\/span><\/div><\/div><div class='q_team_social_holder'><\/div><\/div><\/div><\/div>\t\t\t\t<\/div>\n\t\t\t\t<\/div>\n\t\t\t\t<\/div>\n\t\t\t\t<\/div>\n\t\t\t\t<\/div>\n\t\t<div class=\"elementor-element elementor-element-bc6786a e-con-full e-flex parallax_section_no qode_elementor_container_no e-con e-parent\" data-id=\"bc6786a\" data-element_type=\"container\" data-settings=\"{&quot;background_background&quot;:&quot;classic&quot;}\">\n\t\t\t\t<div class=\"elementor-element elementor-element-914eefd elementor-widget elementor-widget-qi_addons_for_elementor_icon_with_text\" data-id=\"914eefd\" data-element_type=\"widget\" data-widget_type=\"qi_addons_for_elementor_icon_with_text.default\">\n\t\t\t\t<div class=\"elementor-widget-container\">\n\t\t\t\t\t<div class=\"qodef-shortcode qodef-m qodef-qi-icon-with-text qodef-layout--top qodef--icon-pack qodef-alignment--center\" >\n\t\t\t<div class=\"qodef-m-icon-wrapper\">\n\t\t\t\t<a itemprop=\"url\" href=\"https:\/\/www.instagram.com\/skiclub_teublitz\/\" target=\"_blank\">\n\t<div class=\"qodef-m-icon-holder\">\n\t\t<svg aria-hidden=\"true\" class=\"e-font-icon-svg e-fab-instagram\" viewBox=\"0 0 448 512\" xmlns=\"http:\/\/www.w3.org\/2000\/svg\"><path d=\"M224.1 141c-63.6 0-114.9 51.3-114.9 114.9s51.3 114.9 114.9 114.9S339 319.5 339 255.9 287.7 141 224.1 141zm0 189.6c-41.1 0-74.7-33.5-74.7-74.7s33.5-74.7 74.7-74.7 74.7 33.5 74.7 74.7-33.6 74.7-74.7 74.7zm146.4-194.3c0 14.9-12 26.8-26.8 26.8-14.9 0-26.8-12-26.8-26.8s12-26.8 26.8-26.8 26.8 12 26.8 26.8zm76.1 27.2c-1.7-35.9-9.9-67.7-36.2-93.9-26.2-26.2-58-34.4-93.9-36.2-37-2.1-147.9-2.1-184.9 0-35.8 1.7-67.6 9.9-93.9 36.1s-34.4 58-36.2 93.9c-2.1 37-2.1 147.9 0 184.9 1.7 35.9 9.9 67.7 36.2 93.9s58 34.4 93.9 36.2c37 2.1 147.9 2.1 184.9 0 35.9-1.7 67.7-9.9 93.9-36.2 26.2-26.2 34.4-58 36.2-93.9 2.1-37 2.1-147.8 0-184.8zM398.8 388c-7.8 19.6-22.9 34.7-42.6 42.6-29.5 11.7-99.5 9-132.1 9s-102.7 2.6-132.1-9c-19.6-7.8-34.7-22.9-42.6-42.6-11.7-29.5-9-99.5-9-132.1s-2.6-102.7 9-132.1c7.8-19.6 22.9-34.7 42.6-42.6 29.5-11.7 99.5-9 132.1-9s102.7-2.6 132.1 9c19.6 7.8 34.7 22.9 42.6 42.6 11.7 29.5 9 99.5 9 132.1s2.7 102.7-9 132.1z\"><\/path><\/svg>\t<\/div>\n\t<\/a>\n\t\t<\/div>\n\t\t<div class=\"qodef-m-content\">\n\t\t\t\t\t\t\t<div class=\"qodef-m-text\"><p>Folge uns auf Instagram<\/p><\/div>\n\t\t\t<\/div>\n<\/div>\n\t\t\t\t<\/div>\n\t\t\t\t<\/div>\n\t\t\t\t<div class=\"elementor-element elementor-element-c8e19ae elementor-widget__width-inherit elementor-widget elementor-widget-qi_addons_for_elementor_image_slider\" data-id=\"c8e19ae\" data-element_type=\"widget\" data-widget_type=\"qi_addons_for_elementor_image_slider.default\">\n\t\t\t\t<div class=\"elementor-widget-container\">\n\t\t\t\t\t<div class=\"qodef-shortcode qodef-m qodef-qi-image-slider qodef-col-num--8 qodef-qi-grid qodef-qi-swiper-container\" data-options=\"{&quot;direction&quot;:&quot;horizontal&quot;,&quot;slidesPerView&quot;:&quot;8&quot;,&quot;spaceBetween&quot;:0,&quot;spaceBetweenTablet&quot;:0,&quot;spaceBetweenMobile&quot;:30,&quot;effect&quot;:&quot;&quot;,&quot;loop&quot;:true,&quot;autoplay&quot;:true,&quot;centeredSlides&quot;:false,&quot;speed&quot;:&quot;&quot;,&quot;speedAnimation&quot;:&quot;&quot;,&quot;outsideNavigation&quot;:&quot;no&quot;,&quot;outsidePagination&quot;:&quot;no&quot;,&quot;unique&quot;:957,&quot;partialValue&quot;:0,&quot;disablePartialValue&quot;:&quot;&quot;,&quot;parallax&quot;:&quot;no&quot;,&quot;customStages&quot;:true,&quot;slidesPerView1680&quot;:&quot;8&quot;,&quot;slidesPerView1440&quot;:&quot;8&quot;,&quot;slidesPerView1366&quot;:&quot;8&quot;,&quot;slidesPerView1024&quot;:&quot;3&quot;,&quot;slidesPerView768&quot;:&quot;2&quot;,&quot;slidesPerView680&quot;:&quot;1&quot;,&quot;slidesPerView480&quot;:&quot;1&quot;}\">\n\t<div class=\"swiper-wrapper\">\n\t\t<div class=\"qodef-e swiper-slide\">\n\t<div class=\"qodef-e-inner\">\n\t\t<div class=\"qodef-e-inner-holder\">\n\t\t\t\t\t\t\t<a itemprop=\"url\" href=\"https:\/\/www.instagram.com\/skiclub_teublitz\" target=\"_blank\">\n\t\t\t\t\t\t\t<img loading=\"lazy\" decoding=\"async\" width=\"650\" height=\"650\" src=\"https:\/\/www.skiclub-teublitz.de\/wp-content\/uploads\/2025\/02\/07_insta-1-650x650.jpg\" class=\"attachment-qi_addons_for_elementor_image_size_square size-qi_addons_for_elementor_image_size_square\" alt=\"\" srcset=\"https:\/\/www.skiclub-teublitz.de\/wp-content\/uploads\/2025\/02\/07_insta-1-650x650.jpg 650w, https:\/\/www.skiclub-teublitz.de\/wp-content\/uploads\/2025\/02\/07_insta-1-150x150.jpg 150w, https:\/\/www.skiclub-teublitz.de\/wp-content\/uploads\/2025\/02\/07_insta-1-570x570.jpg 570w, https:\/\/www.skiclub-teublitz.de\/wp-content\/uploads\/2025\/02\/07_insta-1-500x500.jpg 500w\" sizes=\"(max-width: 650px) 100vw, 650px\" \/>\t\t\t\t\t\t\t<\/a>\n\t\t\t\t\t<\/div>\n\t<\/div>\n\t<\/div>\n<div class=\"qodef-e swiper-slide\">\n\t<div class=\"qodef-e-inner\">\n\t\t<div class=\"qodef-e-inner-holder\">\n\t\t\t\t\t\t\t<a itemprop=\"url\" href=\"https:\/\/www.instagram.com\/skiclub_teublitz\" target=\"_blank\">\n\t\t\t\t\t\t\t<img loading=\"lazy\" decoding=\"async\" width=\"650\" height=\"650\" src=\"https:\/\/www.skiclub-teublitz.de\/wp-content\/uploads\/2025\/02\/06_insta-1-650x650.jpg\" class=\"attachment-qi_addons_for_elementor_image_size_square size-qi_addons_for_elementor_image_size_square\" alt=\"\" srcset=\"https:\/\/www.skiclub-teublitz.de\/wp-content\/uploads\/2025\/02\/06_insta-1-650x650.jpg 650w, https:\/\/www.skiclub-teublitz.de\/wp-content\/uploads\/2025\/02\/06_insta-1-150x150.jpg 150w, https:\/\/www.skiclub-teublitz.de\/wp-content\/uploads\/2025\/02\/06_insta-1-570x570.jpg 570w, https:\/\/www.skiclub-teublitz.de\/wp-content\/uploads\/2025\/02\/06_insta-1-500x500.jpg 500w\" sizes=\"(max-width: 650px) 100vw, 650px\" \/>\t\t\t\t\t\t\t<\/a>\n\t\t\t\t\t<\/div>\n\t<\/div>\n\t<\/div>\n<div class=\"qodef-e swiper-slide\">\n\t<div class=\"qodef-e-inner\">\n\t\t<div class=\"qodef-e-inner-holder\">\n\t\t\t\t\t\t\t<a itemprop=\"url\" href=\"https:\/\/www.instagram.com\/skiclub_teublitz\" target=\"_blank\">\n\t\t\t\t\t\t\t<img loading=\"lazy\" decoding=\"async\" width=\"650\" height=\"650\" src=\"https:\/\/www.skiclub-teublitz.de\/wp-content\/uploads\/2025\/02\/02_insta-1-650x650.jpg\" class=\"attachment-qi_addons_for_elementor_image_size_square size-qi_addons_for_elementor_image_size_square\" alt=\"\" srcset=\"https:\/\/www.skiclub-teublitz.de\/wp-content\/uploads\/2025\/02\/02_insta-1-650x650.jpg 650w, https:\/\/www.skiclub-teublitz.de\/wp-content\/uploads\/2025\/02\/02_insta-1-150x150.jpg 150w, https:\/\/www.skiclub-teublitz.de\/wp-content\/uploads\/2025\/02\/02_insta-1-570x570.jpg 570w, https:\/\/www.skiclub-teublitz.de\/wp-content\/uploads\/2025\/02\/02_insta-1-500x500.jpg 500w\" sizes=\"(max-width: 650px) 100vw, 650px\" \/>\t\t\t\t\t\t\t<\/a>\n\t\t\t\t\t<\/div>\n\t<\/div>\n\t<\/div>\n<div class=\"qodef-e swiper-slide\">\n\t<div class=\"qodef-e-inner\">\n\t\t<div class=\"qodef-e-inner-holder\">\n\t\t\t\t\t\t\t<a itemprop=\"url\" href=\"https:\/\/www.instagram.com\/skiclub_teublitz\" target=\"_blank\">\n\t\t\t\t\t\t\t<img loading=\"lazy\" decoding=\"async\" width=\"650\" height=\"650\" src=\"https:\/\/www.skiclub-teublitz.de\/wp-content\/uploads\/2025\/02\/04_insta-1-650x650.jpg\" class=\"attachment-qi_addons_for_elementor_image_size_square size-qi_addons_for_elementor_image_size_square\" alt=\"\" srcset=\"https:\/\/www.skiclub-teublitz.de\/wp-content\/uploads\/2025\/02\/04_insta-1-650x650.jpg 650w, https:\/\/www.skiclub-teublitz.de\/wp-content\/uploads\/2025\/02\/04_insta-1-150x150.jpg 150w, https:\/\/www.skiclub-teublitz.de\/wp-content\/uploads\/2025\/02\/04_insta-1-570x570.jpg 570w, https:\/\/www.skiclub-teublitz.de\/wp-content\/uploads\/2025\/02\/04_insta-1-500x500.jpg 500w, https:\/\/www.skiclub-teublitz.de\/wp-content\/uploads\/2025\/02\/04_insta-1-1000x1000.jpg 1000w\" sizes=\"(max-width: 650px) 100vw, 650px\" \/>\t\t\t\t\t\t\t<\/a>\n\t\t\t\t\t<\/div>\n\t<\/div>\n\t<\/div>\n<div class=\"qodef-e swiper-slide\">\n\t<div class=\"qodef-e-inner\">\n\t\t<div class=\"qodef-e-inner-holder\">\n\t\t\t\t\t\t\t<a itemprop=\"url\" href=\"https:\/\/www.instagram.com\/skiclub_teublitz\" target=\"_blank\">\n\t\t\t\t\t\t\t<img loading=\"lazy\" decoding=\"async\" width=\"650\" height=\"650\" src=\"https:\/\/www.skiclub-teublitz.de\/wp-content\/uploads\/2025\/02\/03_insta-1-650x650.jpg\" class=\"attachment-qi_addons_for_elementor_image_size_square size-qi_addons_for_elementor_image_size_square\" alt=\"\" srcset=\"https:\/\/www.skiclub-teublitz.de\/wp-content\/uploads\/2025\/02\/03_insta-1-650x650.jpg 650w, https:\/\/www.skiclub-teublitz.de\/wp-content\/uploads\/2025\/02\/03_insta-1-150x150.jpg 150w, https:\/\/www.skiclub-teublitz.de\/wp-content\/uploads\/2025\/02\/03_insta-1-570x570.jpg 570w, https:\/\/www.skiclub-teublitz.de\/wp-content\/uploads\/2025\/02\/03_insta-1-500x500.jpg 500w, https:\/\/www.skiclub-teublitz.de\/wp-content\/uploads\/2025\/02\/03_insta-1-1000x1000.jpg 1000w\" sizes=\"(max-width: 650px) 100vw, 650px\" \/>\t\t\t\t\t\t\t<\/a>\n\t\t\t\t\t<\/div>\n\t<\/div>\n\t<\/div>\n<div class=\"qodef-e swiper-slide\">\n\t<div class=\"qodef-e-inner\">\n\t\t<div class=\"qodef-e-inner-holder\">\n\t\t\t\t\t\t\t<a itemprop=\"url\" href=\"https:\/\/www.instagram.com\/skiclub_teublitz\" target=\"_blank\">\n\t\t\t\t\t\t\t<img loading=\"lazy\" decoding=\"async\" width=\"650\" height=\"650\" src=\"https:\/\/www.skiclub-teublitz.de\/wp-content\/uploads\/2025\/02\/05_insta-1-650x650.jpg\" class=\"attachment-qi_addons_for_elementor_image_size_square size-qi_addons_for_elementor_image_size_square\" alt=\"\" srcset=\"https:\/\/www.skiclub-teublitz.de\/wp-content\/uploads\/2025\/02\/05_insta-1-650x650.jpg 650w, https:\/\/www.skiclub-teublitz.de\/wp-content\/uploads\/2025\/02\/05_insta-1-300x300.jpg 300w, https:\/\/www.skiclub-teublitz.de\/wp-content\/uploads\/2025\/02\/05_insta-1-150x150.jpg 150w, https:\/\/www.skiclub-teublitz.de\/wp-content\/uploads\/2025\/02\/05_insta-1-570x570.jpg 570w, https:\/\/www.skiclub-teublitz.de\/wp-content\/uploads\/2025\/02\/05_insta-1-500x500.jpg 500w, https:\/\/www.skiclub-teublitz.de\/wp-content\/uploads\/2025\/02\/05_insta-1-1000x1000.jpg 1000w\" sizes=\"(max-width: 650px) 100vw, 650px\" \/>\t\t\t\t\t\t\t<\/a>\n\t\t\t\t\t<\/div>\n\t<\/div>\n\t<\/div>\n<div class=\"qodef-e swiper-slide\">\n\t<div class=\"qodef-e-inner\">\n\t\t<div class=\"qodef-e-inner-holder\">\n\t\t\t\t\t\t\t<img loading=\"lazy\" decoding=\"async\" width=\"650\" height=\"650\" src=\"https:\/\/www.skiclub-teublitz.de\/wp-content\/uploads\/2025\/02\/08_insta-1-650x650.jpg\" class=\"attachment-qi_addons_for_elementor_image_size_square size-qi_addons_for_elementor_image_size_square\" alt=\"\" srcset=\"https:\/\/www.skiclub-teublitz.de\/wp-content\/uploads\/2025\/02\/08_insta-1-650x650.jpg 650w, https:\/\/www.skiclub-teublitz.de\/wp-content\/uploads\/2025\/02\/08_insta-1-150x150.jpg 150w, https:\/\/www.skiclub-teublitz.de\/wp-content\/uploads\/2025\/02\/08_insta-1-570x570.jpg 570w, https:\/\/www.skiclub-teublitz.de\/wp-content\/uploads\/2025\/02\/08_insta-1-500x500.jpg 500w, https:\/\/www.skiclub-teublitz.de\/wp-content\/uploads\/2025\/02\/08_insta-1-1000x1000.jpg 1000w\" sizes=\"(max-width: 650px) 100vw, 650px\" \/>\t\t\t\t\t<\/div>\n\t<\/div>\n\t<\/div>\n\t<\/div>\n\t<\/div>\n\t\t\t\t<\/div>\n\t\t\t\t<\/div>\n\t\t\t\t<\/div>\n\t\t<div data-q_id=\"#kontakt\" class=\"elementor-element elementor-element-dc0a402 e-con-full qode_elementor_container_inner e-flex parallax_section_no e-con e-parent\" data-id=\"dc0a402\" data-element_type=\"container\">\n\t\t<div class=\"elementor-element elementor-element-20c62e6 e-flex e-con-boxed parallax_section_no qode_elementor_container_no e-con e-child\" data-id=\"20c62e6\" data-element_type=\"container\">\n\t\t\t\t\t<div class=\"e-con-inner\">\n\t\t\t\t<div class=\"elementor-element elementor-element-18621ea elementor-widget elementor-widget-qi_addons_for_elementor_section_title\" data-id=\"18621ea\" data-element_type=\"widget\" id=\"kontakt\" data-widget_type=\"qi_addons_for_elementor_section_title.default\">\n\t\t\t\t<div class=\"elementor-widget-container\">\n\t\t\t\t\t<div class=\"qodef-shortcode qodef-m qodef-qi-section-title qodef-decoration--italic qodef-link--underline-draw qodef-subtitle-icon--left\">\n\t\t\t\t\t\t<h1 class=\"qodef-m-title\">\n\t\tdu hast Fragen? Dann Schreib uns!\t<\/h1>\n\t\t\t<div class=\"qodef-m-text\"><div class=\"qodef-m-text\">Wir werden uns schnellstm\u00f6glich um dein Anliegen k\u00fcmmern<\/div><\/div>\n\t<\/div>\n\t\t\t\t<\/div>\n\t\t\t\t<\/div>\n\t\t\t\t\t<\/div>\n\t\t\t\t<\/div>\n\t\t<div class=\"elementor-element elementor-element-04cff7d e-flex e-con-boxed parallax_section_no qode_elementor_container_no e-con e-child\" data-id=\"04cff7d\" data-element_type=\"container\">\n\t\t\t\t\t<div class=\"e-con-inner\">\n\t\t\t\t<div class=\"elementor-element elementor-element-c737a78 elementor-widget elementor-widget-bridge_cf_7\" data-id=\"c737a78\" data-element_type=\"widget\" data-widget_type=\"bridge_cf_7.default\">\n\t\t\t\t<div class=\"elementor-widget-container\">\n\t\t\t\t\t    <div class=\"qode-contact-form-7 qode-contact-form-7-0\">\n    \n<div class=\"wpcf7 no-js\" id=\"wpcf7-f3594-o1\" lang=\"en-US\" dir=\"ltr\" data-wpcf7-id=\"3594\">\n<div class=\"screen-reader-response\"><p role=\"status\" aria-live=\"polite\" aria-atomic=\"true\"><\/p> <ul><\/ul><\/div>\n<form action=\"\/index.php?rest_route=%2Fwp%2Fv2%2Fpages%2F3179#wpcf7-f3594-o1\" method=\"post\" class=\"wpcf7-form init cf7_custom_style_3\" aria-label=\"Contact form\" novalidate=\"novalidate\" data-status=\"init\">\n<fieldset class=\"hidden-fields-container\"><input type=\"hidden\" name=\"_wpcf7\" value=\"3594\" \/><input type=\"hidden\" name=\"_wpcf7_version\" value=\"6.1.2\" \/><input type=\"hidden\" name=\"_wpcf7_locale\" value=\"en_US\" \/><input type=\"hidden\" name=\"_wpcf7_unit_tag\" value=\"wpcf7-f3594-o1\" \/><input type=\"hidden\" name=\"_wpcf7_container_post\" value=\"0\" \/><input type=\"hidden\" name=\"_wpcf7_posted_data_hash\" value=\"\" \/>\n<\/fieldset>\n<div class=\"mkdf-custom-form\">\n<div class='mkdf-cf-custom mkdf-cf'>\n<div class='mkdf-two-cols'>\n<span class=\"wpcf7-form-control-wrap\" data-name=\"text-423\"><input size=\"40\" maxlength=\"400\" class=\"wpcf7-form-control wpcf7-text\" aria-invalid=\"false\" placeholder=\"Dein Name\" value=\"\" type=\"text\" name=\"text-423\" \/><\/span><span class=\"wpcf7-form-control-wrap\" data-name=\"email-475\"><input size=\"40\" maxlength=\"400\" class=\"wpcf7-form-control wpcf7-email wpcf7-text wpcf7-validates-as-email\" aria-invalid=\"false\" placeholder=\"Deine E-Mail\" value=\"\" type=\"email\" name=\"email-475\" \/><\/span>\n<\/div>\n<span class=\"wpcf7-form-control-wrap\" data-name=\"text-423\"><input size=\"40\" maxlength=\"400\" class=\"wpcf7-form-control wpcf7-text\" aria-invalid=\"false\" placeholder=\"Thema\" value=\"\" type=\"text\" name=\"text-423\" \/><\/span>\n<span id=\"wpcf7-69f2e5803338a-wrapper\" class=\"wpcf7-form-control-wrap mail-207-wrap\" style=\"display:none !important; visibility:hidden !important;\"><label for=\"wpcf7-69f2e5803338a-field\" class=\"hp-message\">Please leave this field empty.<\/label><input id=\"wpcf7-69f2e5803338a-field\"  class=\"wpcf7-form-control wpcf7-text\" type=\"text\" name=\"mail-207\" value=\"\" size=\"40\" tabindex=\"-1\" autocomplete=\"new-password\" \/><\/span>\n<span class=\"wpcf7-form-control-wrap\" data-name=\"textarea-372\"><textarea cols=\"40\" rows=\"10\" maxlength=\"2000\" class=\"wpcf7-form-control wpcf7-textarea\" aria-invalid=\"false\" placeholder=\"Deine Nachricht an uns...\" name=\"textarea-372\"><\/textarea><\/span>\n<div class=\"mkdf-btn-outer-holder mkdf-btn-outer-simple mkdf-cf-button-outer\">\n<input class=\"wpcf7-form-control wpcf7-submit has-spinner\" type=\"submit\" value=\"Absenden\" \/><div class=\"mkdf-btn-top-line\"><\/div ><div class=\"mkdf-btn-right-line\"><\/div ><div class=\"mkdf-btn-bottom-line\"><\/div ><div class=\"mkdf-btn-left-line\"><\/div >\n<\/div>\n<\/div>\n<\/div><p style=\"display: none !important;\" class=\"akismet-fields-container\" data-prefix=\"_wpcf7_ak_\"><label>&#916;<textarea name=\"_wpcf7_ak_hp_textarea\" cols=\"45\" rows=\"8\" maxlength=\"100\"><\/textarea><\/label><input type=\"hidden\" id=\"ak_js_1\" name=\"_wpcf7_ak_js\" value=\"225\"\/><script>document.getElementById( \"ak_js_1\" ).setAttribute( \"value\", ( new Date() ).getTime() );<\/script><\/p><div class=\"wpcf7-response-output\" aria-hidden=\"true\"><\/div>\n<\/form>\n<\/div>\n    <\/div>\n\t\t\t\t<\/div>\n\t\t\t\t<\/div>\n\t\t\t\t\t<\/div>\n\t\t\t\t<\/div>\n\t\t\t\t<\/div>\n\t\t\t\t<\/div>\n\t\t","protected":false},"excerpt":{"rendered":"<p>2025 \/ 2026 UNSER PROGRAMM Freut euch auf eine unvergessliche Skisaison 2025\/2026! Neben unserem beliebten Highlight \u2013 den Ski- und Snowboardkursen am Gro\u00dfen Arber \u2013 erwarten euch wieder zwei abwechslungsreiche Tagesfahrten nach Lermoos und Kaltenbach ins Zillertal, eine stimmungsvolle Flutlichtfahrt am Arber gemeinsam mit den&#8230;<\/p>\n","protected":false},"author":1,"featured_media":0,"parent":0,"menu_order":0,"comment_status":"closed","ping_status":"closed","template":"full_width.php","meta":{"_monsterinsights_skip_tracking":false,"_monsterinsights_sitenote_active":false,"_monsterinsights_sitenote_note":"","_monsterinsights_sitenote_category":0,"footnotes":""},"class_list":["post-3179","page","type-page","status-publish","hentry"],"aioseo_notices":[],"_links":{"self":[{"href":"https:\/\/www.skiclub-teublitz.de\/index.php?rest_route=\/wp\/v2\/pages\/3179","targetHints":{"allow":["GET"]}}],"collection":[{"href":"https:\/\/www.skiclub-teublitz.de\/index.php?rest_route=\/wp\/v2\/pages"}],"about":[{"href":"https:\/\/www.skiclub-teublitz.de\/index.php?rest_route=\/wp\/v2\/types\/page"}],"author":[{"embeddable":true,"href":"https:\/\/www.skiclub-teublitz.de\/index.php?rest_route=\/wp\/v2\/users\/1"}],"replies":[{"embeddable":true,"href":"https:\/\/www.skiclub-teublitz.de\/index.php?rest_route=%2Fwp%2Fv2%2Fcomments&post=3179"}],"version-history":[{"count":10,"href":"https:\/\/www.skiclub-teublitz.de\/index.php?rest_route=\/wp\/v2\/pages\/3179\/revisions"}],"predecessor-version":[{"id":6330,"href":"https:\/\/www.skiclub-teublitz.de\/index.php?rest_route=\/wp\/v2\/pages\/3179\/revisions\/6330"}],"wp:attachment":[{"href":"https:\/\/www.skiclub-teublitz.de\/index.php?rest_route=%2Fwp%2Fv2%2Fmedia&parent=3179"}],"curies":[{"name":"wp","href":"https:\/\/api.w.org\/{rel}","templated":true}]}}